{"id":43431,"date":"2026-03-12T12:48:11","date_gmt":"2026-03-12T11:48:11","guid":{"rendered":"https:\/\/csklublin.pl\/?post_type=oferty&#038;p=43431"},"modified":"2026-04-20T15:00:04","modified_gmt":"2026-04-20T13:00:04","slug":"wynajem-powierzchni-i-sal","status":"publish","type":"oferty","link":"https:\/\/csklublin.pl\/en\/oferty\/wynajem-powierzchni-i-sal\/","title":{"rendered":"Wynajem powierzchni i sal"},"content":{"rendered":"\n<div class=\"wp-block-buttons is-layout-flex wp-block-buttons-is-layout-flex\">\n<div class=\"wp-block-button\"><a class=\"wp-block-button__link wp-element-button\" href=\"https:\/\/csklublin.pl\/wp-content\/uploads\/2026\/04\/ofertaCSK_komercyjna_2026.pdf\" target=\"_blank\" rel=\"noreferrer noopener\">DO POBRANIA: Oferta komercyjna 2026 (PDF)<\/a><\/div>\n<\/div>\n\n\n\n<div style=\"height:54px\" aria-hidden=\"true\" class=\"wp-block-spacer\"><\/div>\n\n\n\n<h4 class=\"wp-block-heading\" style=\"font-size:30px\">W ramach naszej oferty dost\u0119pne s\u0105:<\/h4>\n\n\n\n<hr class=\"wp-block-separator has-alpha-channel-opacity\"\/>\n\n\n\n<div style=\"height:35px\" aria-hidden=\"true\" class=\"wp-block-spacer\"><\/div>\n\n\n\n<h2 class=\"wp-block-heading\">Przestrzenie zamkni\u0119te<\/h2>\n\n\n        <div id=\"room_on_rent-block_2b74f729ae2e040a0113ce7f6977bafd\" class=\"calendar_sec \">\n\n            \n                <div class=\"offers_page\">\n\n                    <ul class=\"row\">\n\n                        \n                            <li class=\"col-xxl-3 col-xl-4 col-lg-6 col-md-6 col-sm-12 main_sec\">\n                                <a href=\"https:\/\/csklublin.pl\/en\/sale-do-wynajecia\/mala-kieszen-sceny-2\/\" class=\"main_sec\">\n                                    <div class=\"oferta main_sec_box\">\n                                        <div class=\"rep_img\">\n                                            <img decoding=\"async\" src=\"https:\/\/csklublin.pl\/wp-content\/uploads\/2023\/04\/00_kafelek-2-530x299.jpg\" alt=\"\" class=\"img_a11\">\n                                        <\/div>\n                                        <div class=\"rep_title1\">Ma\u0142a Kiesze\u0144 Sceny<\/div>\n                                        <div class=\"clr\"><\/div>\n                                    <\/div>\n                                <\/a>\n                            <\/li>\n\n                        \n                            <li class=\"col-xxl-3 col-xl-4 col-lg-6 col-md-6 col-sm-12 main_sec\">\n                                <a href=\"https:\/\/csklublin.pl\/en\/sale-do-wynajecia\/duza-kieszen-sceny-2\/\" class=\"main_sec\">\n                                    <div class=\"oferta main_sec_box\">\n                                        <div class=\"rep_img\">\n                                            <img decoding=\"async\" src=\"https:\/\/csklublin.pl\/wp-content\/uploads\/2023\/04\/000_kafelek-530x299.jpg\" alt=\"\" class=\"img_a11\">\n                                        <\/div>\n                                        <div class=\"rep_title1\">Du\u017ca Kiesze\u0144 Sceny<\/div>\n                                        <div class=\"clr\"><\/div>\n                                    <\/div>\n                                <\/a>\n                            <\/li>\n\n                        \n                            <li class=\"col-xxl-3 col-xl-4 col-lg-6 col-md-6 col-sm-12 main_sec\">\n                                <a href=\"https:\/\/csklublin.pl\/en\/sale-do-wynajecia\/sala-operowa-csk\/\" class=\"main_sec\">\n                                    <div class=\"oferta main_sec_box\">\n                                        <div class=\"rep_img\">\n                                            <img decoding=\"async\" src=\"https:\/\/csklublin.pl\/wp-content\/uploads\/2023\/04\/00_kafelek-530x299.jpg\" alt=\"\" class=\"img_a11\">\n                                        <\/div>\n                                        <div class=\"rep_title1\">Sala Operowa CSK<\/div>\n                                        <div class=\"clr\"><\/div>\n                                    <\/div>\n                                <\/a>\n                            <\/li>\n\n                        \n                            <li class=\"col-xxl-3 col-xl-4 col-lg-6 col-md-6 col-sm-12 main_sec\">\n                                <a href=\"https:\/\/csklublin.pl\/en\/sale-do-wynajecia\/sala-kinowa-csk\/\" class=\"main_sec\">\n                                    <div class=\"oferta main_sec_box\">\n                                        <div class=\"rep_img\">\n                                            <img decoding=\"async\" src=\"https:\/\/csklublin.pl\/wp-content\/uploads\/2023\/04\/00_kafelek-1-530x299.jpg\" alt=\"\" class=\"img_a11\">\n                                        <\/div>\n                                        <div class=\"rep_title1\">Sala Kinowa CSK<\/div>\n                                        <div class=\"clr\"><\/div>\n                                    <\/div>\n                                <\/a>\n                            <\/li>\n\n                        \n                            <li class=\"col-xxl-3 col-xl-4 col-lg-6 col-md-6 col-sm-12 main_sec\">\n                                <a href=\"https:\/\/csklublin.pl\/en\/sale-do-wynajecia\/klub-muzyczny-csk\/\" class=\"main_sec\">\n                                    <div class=\"oferta main_sec_box\">\n                                        <div class=\"rep_img\">\n                                            <img decoding=\"async\" src=\"https:\/\/csklublin.pl\/wp-content\/uploads\/2023\/04\/00_kafelek-530x299.png\" alt=\"\" class=\"img_a11\">\n                                        <\/div>\n                                        <div class=\"rep_title1\">Klub Muzyczny CSK<\/div>\n                                        <div class=\"clr\"><\/div>\n                                    <\/div>\n                                <\/a>\n                            <\/li>\n\n                        \n                            <li class=\"col-xxl-3 col-xl-4 col-lg-6 col-md-6 col-sm-12 main_sec\">\n                                <a href=\"https:\/\/csklublin.pl\/en\/sale-do-wynajecia\/sala-kameralna\/\" class=\"main_sec\">\n                                    <div class=\"oferta main_sec_box\">\n                                        <div class=\"rep_img\">\n                                            <img decoding=\"async\" src=\"https:\/\/csklublin.pl\/wp-content\/uploads\/2023\/04\/Dorota_Bielak43-530x299.jpg\" alt=\"\" class=\"img_a11\">\n                                        <\/div>\n                                        <div class=\"rep_title1\">Sala Kameralna + Foyer<\/div>\n                                        <div class=\"clr\"><\/div>\n                                    <\/div>\n                                <\/a>\n                            <\/li>\n\n                        \n                            <li class=\"col-xxl-3 col-xl-4 col-lg-6 col-md-6 col-sm-12 main_sec\">\n                                <a href=\"https:\/\/csklublin.pl\/en\/sale-do-wynajecia\/sala-pszczelarska\/\" class=\"main_sec\">\n                                    <div class=\"oferta main_sec_box\">\n                                        <div class=\"rep_img\">\n                                            <img decoding=\"async\" src=\"https:\/\/csklublin.pl\/wp-content\/uploads\/2025\/07\/1-2-530x299.jpg\" alt=\"\" class=\"img_a11\">\n                                        <\/div>\n                                        <div class=\"rep_title1\">Sala Pszczelarska\u00a0<\/div>\n                                        <div class=\"clr\"><\/div>\n                                    <\/div>\n                                <\/a>\n                            <\/li>\n\n                        \n                    <\/ul>\n\n                    <div class=\"\">\n\n                        \n                    <\/div>\n\n                <\/div>\n\n            \n        <\/div>\n\n        \n\n\n<div style=\"height:65px\" aria-hidden=\"true\" class=\"wp-block-spacer\"><\/div>\n\n\n\n<h2 class=\"wp-block-heading\">Przestrzenie otwarte<\/h2>\n\n\n        <div id=\"room_on_rent-block_c85f456cb4f3f3edd0dc0e00d42299ce\" class=\"calendar_sec \">\n\n            \n                <div class=\"offers_page\">\n\n                    <ul class=\"row\">\n\n                        \n                            <li class=\"col-xxl-3 col-xl-4 col-lg-6 col-md-6 col-sm-12 main_sec\">\n                                <a href=\"https:\/\/csklublin.pl\/en\/sale-do-wynajecia\/foyer-sali-kinowej-2\/\" class=\"main_sec\">\n                                    <div class=\"oferta main_sec_box\">\n                                        <div class=\"rep_img\">\n                                            <img decoding=\"async\" src=\"https:\/\/csklublin.pl\/wp-content\/uploads\/2023\/04\/kinowafoyer_dee_1-530x299.jpg\" alt=\"\" class=\"img_a11\">\n                                        <\/div>\n                                        <div class=\"rep_title1\">Foyer Sali Kinowej<\/div>\n                                        <div class=\"clr\"><\/div>\n                                    <\/div>\n                                <\/a>\n                            <\/li>\n\n                        \n                            <li class=\"col-xxl-3 col-xl-4 col-lg-6 col-md-6 col-sm-12 main_sec\">\n                                <a href=\"https:\/\/csklublin.pl\/en\/sale-do-wynajecia\/foyer-sali-operowej-2\/\" class=\"main_sec\">\n                                    <div class=\"oferta main_sec_box\">\n                                        <div class=\"rep_img\">\n                                            <img decoding=\"async\" src=\"https:\/\/csklublin.pl\/wp-content\/uploads\/2023\/04\/00_kafelek-2-1-530x299.jpg\" alt=\"\" class=\"img_a11\">\n                                        <\/div>\n                                        <div class=\"rep_title1\">Foyer Sali Operowej<\/div>\n                                        <div class=\"clr\"><\/div>\n                                    <\/div>\n                                <\/a>\n                            <\/li>\n\n                        \n                            <li class=\"col-xxl-3 col-xl-4 col-lg-6 col-md-6 col-sm-12 main_sec\">\n                                <a href=\"https:\/\/csklublin.pl\/en\/sale-do-wynajecia\/plac-teatralny-2\/\" class=\"main_sec\">\n                                    <div class=\"oferta main_sec_box\">\n                                        <div class=\"rep_img\">\n                                            <img decoding=\"async\" src=\"https:\/\/csklublin.pl\/wp-content\/uploads\/2023\/04\/00_kafelek_Easy-Resize.com_-2-530x299.jpg\" alt=\"\" class=\"img_a11\">\n                                        <\/div>\n                                        <div class=\"rep_title1\">Plac Teatralny<\/div>\n                                        <div class=\"clr\"><\/div>\n                                    <\/div>\n                                <\/a>\n                            <\/li>\n\n                        \n                            <li class=\"col-xxl-3 col-xl-4 col-lg-6 col-md-6 col-sm-12 main_sec\">\n                                <a href=\"https:\/\/csklublin.pl\/en\/sale-do-wynajecia\/ciche-katy-1\/\" class=\"main_sec\">\n                                    <div class=\"oferta main_sec_box\">\n                                        <div class=\"rep_img\">\n                                            <img decoding=\"async\" src=\"https:\/\/csklublin.pl\/wp-content\/uploads\/2023\/04\/00_kafelek_Easy-Resize.com_-530x299.jpg\" alt=\"\" class=\"img_a11\">\n                                        <\/div>\n                                        <div class=\"rep_title1\">Ciche K\u0105ty +1<\/div>\n                                        <div class=\"clr\"><\/div>\n                                    <\/div>\n                                <\/a>\n                            <\/li>\n\n                        \n                            <li class=\"col-xxl-3 col-xl-4 col-lg-6 col-md-6 col-sm-12 main_sec\">\n                                <a href=\"https:\/\/csklublin.pl\/en\/sale-do-wynajecia\/aleja-kultur-1-0-1-2-3\/\" class=\"main_sec\">\n                                    <div class=\"oferta main_sec_box\">\n                                        <div class=\"rep_img\">\n                                            <img decoding=\"async\" src=\"https:\/\/csklublin.pl\/wp-content\/uploads\/2023\/04\/DSC2276_0-530x299.jpg\" alt=\"\" class=\"img_a11\">\n                                        <\/div>\n                                        <div class=\"rep_title1\">Aleja Kultur<\/div>\n                                        <div class=\"clr\"><\/div>\n                                    <\/div>\n                                <\/a>\n                            <\/li>\n\n                        \n                            <li class=\"col-xxl-3 col-xl-4 col-lg-6 col-md-6 col-sm-12 main_sec\">\n                                <a href=\"https:\/\/csklublin.pl\/en\/sale-do-wynajecia\/hol-glowny\/\" class=\"main_sec\">\n                                    <div class=\"oferta main_sec_box\">\n                                        <div class=\"rep_img\">\n                                            <img decoding=\"async\" src=\"https:\/\/csklublin.pl\/wp-content\/uploads\/2025\/07\/00_kafelek-530x299.jpg\" alt=\"\" class=\"img_a11\">\n                                        <\/div>\n                                        <div class=\"rep_title1\">HOL G\u0141\u00d3WNY<\/div>\n                                        <div class=\"clr\"><\/div>\n                                    <\/div>\n                                <\/a>\n                            <\/li>\n\n                        \n                            <li class=\"col-xxl-3 col-xl-4 col-lg-6 col-md-6 col-sm-12 main_sec\">\n                                <a href=\"https:\/\/csklublin.pl\/en\/sale-do-wynajecia\/tarasy-widokowe\/\" class=\"main_sec\">\n                                    <div class=\"oferta main_sec_box\">\n                                        <div class=\"rep_img\">\n                                            <img decoding=\"async\" src=\"https:\/\/csklublin.pl\/wp-content\/uploads\/2025\/07\/00_kafelek-2-530x299.jpg\" alt=\"\" class=\"img_a11\">\n                                        <\/div>\n                                        <div class=\"rep_title1\">TARASY WIDOKOWE \u00a0\u00a0\u00a0<\/div>\n                                        <div class=\"clr\"><\/div>\n                                    <\/div>\n                                <\/a>\n                            <\/li>\n\n                        \n                    <\/ul>\n\n                    <div class=\"\">\n\n                        \n                    <\/div>\n\n                <\/div>\n\n            \n        <\/div>\n\n        \n\n\n<div style=\"height:65px\" aria-hidden=\"true\" class=\"wp-block-spacer\"><\/div>\n\n\n\n<h2 class=\"wp-block-heading\">Inne<\/h2>\n\n\n        <div id=\"room_on_rent-block_5bec3de29f9023d14b38a6986f715f56\" class=\"calendar_sec \">\n\n            \n                <div class=\"offers_page\">\n\n                    <ul class=\"row\">\n\n                        \n                            <li class=\"col-xxl-3 col-xl-4 col-lg-6 col-md-6 col-sm-12 main_sec\">\n                                <a href=\"https:\/\/csklublin.pl\/en\/sale-do-wynajecia\/polecany-catering\/\" class=\"main_sec\">\n                                    <div class=\"oferta main_sec_box\">\n                                        <div class=\"rep_img\">\n                                            <img decoding=\"async\" src=\"https:\/\/csklublin.pl\/wp-content\/uploads\/2026\/03\/image0-1-530x299.jpeg\" alt=\"\" class=\"img_a11\">\n                                        <\/div>\n                                        <div class=\"rep_title1\">Catering<\/div>\n                                        <div class=\"clr\"><\/div>\n                                    <\/div>\n                                <\/a>\n                            <\/li>\n\n                        \n                            <li class=\"col-xxl-3 col-xl-4 col-lg-6 col-md-6 col-sm-12 main_sec\">\n                                <a href=\"https:\/\/csklublin.pl\/en\/sale-do-wynajecia\/vip-room\/\" class=\"main_sec\">\n                                    <div class=\"oferta main_sec_box\">\n                                        <div class=\"rep_img\">\n                                            <img decoding=\"async\" src=\"https:\/\/csklublin.pl\/wp-content\/uploads\/2025\/07\/00_kafelek_Easy-Resize.com_-530x299.jpg\" alt=\"\" class=\"img_a11\">\n                                        <\/div>\n                                        <div class=\"rep_title1\">VIP ROOM<\/div>\n                                        <div class=\"clr\"><\/div>\n                                    <\/div>\n                                <\/a>\n                            <\/li>\n\n                        \n                    <\/ul>\n\n                    <div class=\"\">\n\n                        \n                    <\/div>\n\n                <\/div>\n\n            \n        <\/div>\n\n        \n\n\n<p><\/p>\n\n\n\n<hr class=\"wp-block-separator has-alpha-channel-opacity\"\/>\n\n\n<div style=\"font-family: sans-serif; color: #000; line-height: 1.5; max-width: 903px;\">\n<h4 style=\"font-size: 20px; font-weight: bold; margin: 0 0 20px 0; padding: 0;\">Najem przestrzeni w Centrum Spotkania Kultur \u2013 najwa\u017cniejsze informacje<\/h4>\n<ol style=\"margin: 0; padding: 0 0 0 25px;\">\n<li style=\"margin-bottom: 15px; padding: 0;\"><strong>Zapytanie o termin<\/strong><br \/>Aby wynaj\u0105\u0107 przestrze\u0144, wy\u015blij zapytanie na adres: <strong><a href=\"mailto:booking@csklublin.pl\">booking@csklublin.pl<\/a><\/strong>. Otrzymasz informacj\u0119 o dost\u0119pno\u015bci oraz wst\u0119pn\u0105 wycen\u0119.<\/li>\n<li style=\"margin-bottom: 15px; padding: 0;\"><strong>Rezerwacja wst\u0119pna<\/strong><br \/>Po otrzymaniu formularza rezerwacji nale\u017cy odes\u0142a\u0107 go w ci\u0105gu <strong>7 dni<\/strong> \u2013 to pozwala zarezerwowa\u0107 termin wst\u0119pnie (bez skutku prawnego).<\/li>\n<li style=\"margin-bottom: 15px; padding: 0;\"><strong>Potwierdzenie rezerwacji<\/strong><br \/>Rezerwacja staje si\u0119 wi\u0105\u017c\u0105ca po:\n<ul style=\"margin: 5px 0 0 0; padding: 0 0 0 20px;\">\n<li style=\"list-style-type: disc !important; display: list-item !important; margin-bottom: 5px;\">podpisaniu umowy<\/li>\n<li style=\"list-style-type: disc !important; display: list-item !important; margin-bottom: 5px;\">wp\u0142acie <strong>zaliczki (30%)<\/strong><\/li>\n<li style=\"list-style-type: disc !important; display: list-item !important; margin-bottom: 0;\">(dla Sali Operowej) dodatkowo wniesieniu <strong>bezzwrotnej op\u0142aty rezerwacyjnej<\/strong><\/li>\n<\/ul>\n<\/li>\n<li style=\"margin-bottom: 15px; padding: 0;\"><strong>Terminy p\u0142atno\u015bci<\/strong>\n<ul style=\"margin: 5px 0 0 0; padding: 0 0 0 20px;\">\n<li style=\"list-style-type: disc !important; display: list-item !important; margin-bottom: 5px;\">standardowo: do <strong>14 dni<\/strong> od otrzymania faktury pro forma<\/li>\n<li style=\"list-style-type: disc !important; display: list-item !important; margin-bottom: 0;\">przy rezerwacjach na mniej ni\u017c 30 dni przed wydarzeniem: do <strong>3 dni<\/strong><\/li>\n<\/ul>\n<\/li>\n<li style=\"margin-bottom: 15px; padding: 0;\"><strong>Anulowanie rezerwacji<\/strong>\n<ul style=\"margin: 5px 0 0 0; padding: 0 0 0 20px;\">\n<li style=\"list-style-type: disc !important; display: list-item !important; margin-bottom: 5px;\">rezygnacja ze strony Najemcy \u2192 wp\u0142aty co do zasady <strong>nie podlegaj\u0105 zwrotowi<\/strong><\/li>\n<li style=\"list-style-type: disc !important; display: list-item !important; margin-bottom: 5px;\">odwo\u0142anie przez CSK \u2192 <strong>zwrot \u015brodk\u00f3w<\/strong><\/li>\n<li style=\"list-style-type: disc !important; display: list-item !important; margin-bottom: 0;\">w przypadku si\u0142y wy\u017cszej \u2192 umowa mo\u017ce zosta\u0107 rozwi\u0105zana bez konsekwencji<\/li>\n<\/ul>\n<\/li>\n<li style=\"margin-bottom: 15px; padding: 0;\"><strong>Zasady korzystania z przestrzeni<\/strong>\n<ul style=\"margin: 5px 0 0 0; padding: 0 0 0 20px;\">\n<li style=\"list-style-type: disc !important; display: list-item !important; margin-bottom: 5px;\">przestrze\u0144 mo\u017cna wykorzystywa\u0107 wy\u0142\u0105cznie zgodnie z umow\u0105 i jej przeznaczeniem<\/li>\n<li style=\"list-style-type: disc !important; display: list-item !important; margin-bottom: 5px;\">obowi\u0105zuje przestrzeganie przepis\u00f3w BHP i ppo\u017c.<\/li>\n<li style=\"list-style-type: disc !important; display: list-item !important; margin-bottom: 5px;\">Najemca odpowiada za ewentualne szkody<\/li>\n<li style=\"list-style-type: disc !important; display: list-item !important; margin-bottom: 5px;\">przekroczenie czasu najmu wi\u0105\u017ce si\u0119 z dodatkowymi op\u0142atami<\/li>\n<li style=\"list-style-type: disc !important; display: list-item !important; margin-bottom: 0;\">catering i zmiany techniczne wymagaj\u0105 uzgodnienia z CSK<\/li>\n<\/ul>\n<\/li>\n<li style=\"margin-bottom: 15px; padding: 0;\"><strong>Wydarzenia biletowane (Sala Operowa)<\/strong>\n<ul style=\"margin: 5px 0 0 0; padding: 0 0 0 20px;\">\n<li style=\"list-style-type: disc !important; display: list-item !important; margin-bottom: 5px;\">nale\u017cy udost\u0119pni\u0107 CSK okre\u015blon\u0105 pul\u0119 miejsc<\/li>\n<li style=\"list-style-type: disc !important; display: list-item !important; margin-bottom: 5px;\">sprzeda\u017c bilet\u00f3w odbywa si\u0119 tak\u017ce przez system CSK<\/li>\n<li style=\"list-style-type: disc !important; display: list-item !important; margin-bottom: 0;\">sprzeda\u017c mo\u017ce ruszy\u0107 po dokonaniu wymaganych p\u0142atno\u015bci<\/li>\n<\/ul>\n<\/li>\n<li style=\"margin-bottom: 0; padding: 0;\"><strong>Koszty<\/strong>\n<ul style=\"margin: 5px 0 0 0; padding: 0 0 0 20px;\">\n<li style=\"list-style-type: disc !important; display: list-item !important; margin-bottom: 5px;\">ceny okre\u015bla cennik (z mo\u017cliwo\u015bci\u0105 negocjacji w wybranych przypadkach)<\/li>\n<li style=\"list-style-type: disc !important; display: list-item !important; margin-bottom: 0;\">w wybrane dni (np. 1 stycznia, 11 listopada, 31 grudnia) ceny s\u0105 wy\u017csze<\/li>\n<\/ul>\n<\/li>\n<\/ol>\n<\/div>\n\n\n<blockquote class=\"wp-block-quote is-layout-flow wp-block-quote-is-layout-flow\">\n<p>Masz pytania? Skontaktuj si\u0119 z nami: <a href=\"mailto:booking@csklublin.pl\">booking@csklublin.pl<\/a><\/p>\n<\/blockquote>\n","protected":false},"featured_media":7433,"template":"","format":"standard","meta":{"_acf_changed":false,"inline_featured_image":false},"class_list":["post-43431","oferty","type-oferty","status-publish","format-standard","has-post-thumbnail","hentry"],"acf":[],"_links":{"self":[{"href":"https:\/\/csklublin.pl\/en\/wp-json\/wp\/v2\/oferty\/43431","targetHints":{"allow":["GET"]}}],"collection":[{"href":"https:\/\/csklublin.pl\/en\/wp-json\/wp\/v2\/oferty"}],"about":[{"href":"https:\/\/csklublin.pl\/en\/wp-json\/wp\/v2\/types\/oferty"}],"wp:featuredmedia":[{"embeddable":true,"href":"https:\/\/csklublin.pl\/en\/wp-json\/wp\/v2\/media\/7433"}],"wp:attachment":[{"href":"https:\/\/csklublin.pl\/en\/wp-json\/wp\/v2\/media?parent=43431"}],"curies":[{"name":"wp","href":"https:\/\/api.w.org\/{rel}","templated":true}]}}