{"id":1850,"date":"2023-04-21T08:53:04","date_gmt":"2023-04-21T06:53:04","guid":{"rendered":"https:\/\/csklublin.pl\/?post_type=spotkania_z_artystam&#038;p=1850"},"modified":"2023-04-26T14:50:17","modified_gmt":"2023-04-26T12:50:17","slug":"andrzej-weclawski","status":"publish","type":"spotkania_z_artystam","link":"https:\/\/csklublin.pl\/en\/spotkania-z-artystami\/andrzej-weclawski\/","title":{"rendered":"ANDRZEJ W\u0118C\u0141AWSKI"},"content":{"rendered":"\n<div class=\"wp-block-columns is-layout-flex wp-container-core-columns-is-layout-9d6595d7 wp-block-columns-is-layout-flex\">\n<div class=\"wp-block-column is-layout-flow wp-block-column-is-layout-flow\">\n<iframe loading=\"lazy\" allowfullscreen=\"true\" allowtransparency=\"true\" frameborder=\"0\" height=\"315\" scrolling=\"no\" src=\"https:\/\/www.facebook.com\/plugins\/video.php?href=https%3A%2F%2Fwww.facebook.com%2Fcskwlublinie%2Fvideos%2F196351645037940%2F&amp;show_text=0&amp;width=560\" width=\"560\"><\/iframe>\n<\/div>\n\n\n\n<div class=\"wp-block-column is-layout-flow wp-block-column-is-layout-flow\">\n<figure class=\"wp-block-embed is-type-video is-provider-youtube wp-block-embed-youtube wp-embed-aspect-16-9 wp-has-aspect-ratio\"><div class=\"wp-block-embed__wrapper\">\n<iframe loading=\"lazy\" title=\"Andrzej W\u0119c\u0142awski - Plain papers\" width=\"640\" height=\"360\" src=\"https:\/\/www.youtube.com\/embed\/jBzl5iyh3oU?feature=oembed\" frameborder=\"0\" allow=\"accelerometer; autoplay; clipboard-write; encrypted-media; gyroscope; picture-in-picture; web-share\" referrerpolicy=\"strict-origin-when-cross-origin\" allowfullscreen><\/iframe>\n<\/div><\/figure>\n<\/div>\n<\/div>\n\n\n\n<div style=\"height:40px\" aria-hidden=\"true\" class=\"wp-block-spacer\"><\/div>\n\n\n\n<div class=\"wp-block-columns is-layout-flex wp-container-core-columns-is-layout-9d6595d7 wp-block-columns-is-layout-flex\">\n<div class=\"wp-block-column is-layout-flow wp-block-column-is-layout-flow\">\n<figure class=\"wp-block-image size-large\"><img loading=\"lazy\" decoding=\"async\" width=\"711\" height=\"1024\" src=\"https:\/\/csklublin.pl\/wp-content\/uploads\/2023\/04\/001_Andrzej_Weclawski_-4_Wiadomosc-_IV_z_-cyklu_Alfabet_znakow_akwaforta_akwatinta_druk_cyfrowy_szablon_115_80_cm_2011_r-711x1024.jpg\" alt=\"obraz\" class=\"wp-image-1861\" srcset=\"https:\/\/csklublin.pl\/wp-content\/uploads\/2023\/04\/001_Andrzej_Weclawski_-4_Wiadomosc-_IV_z_-cyklu_Alfabet_znakow_akwaforta_akwatinta_druk_cyfrowy_szablon_115_80_cm_2011_r-711x1024.jpg 711w, https:\/\/csklublin.pl\/wp-content\/uploads\/2023\/04\/001_Andrzej_Weclawski_-4_Wiadomosc-_IV_z_-cyklu_Alfabet_znakow_akwaforta_akwatinta_druk_cyfrowy_szablon_115_80_cm_2011_r-208x300.jpg 208w, https:\/\/csklublin.pl\/wp-content\/uploads\/2023\/04\/001_Andrzej_Weclawski_-4_Wiadomosc-_IV_z_-cyklu_Alfabet_znakow_akwaforta_akwatinta_druk_cyfrowy_szablon_115_80_cm_2011_r-768x1106.jpg 768w, https:\/\/csklublin.pl\/wp-content\/uploads\/2023\/04\/001_Andrzej_Weclawski_-4_Wiadomosc-_IV_z_-cyklu_Alfabet_znakow_akwaforta_akwatinta_druk_cyfrowy_szablon_115_80_cm_2011_r-1067x1536.jpg 1067w, https:\/\/csklublin.pl\/wp-content\/uploads\/2023\/04\/001_Andrzej_Weclawski_-4_Wiadomosc-_IV_z_-cyklu_Alfabet_znakow_akwaforta_akwatinta_druk_cyfrowy_szablon_115_80_cm_2011_r.jpg 1178w\" sizes=\"auto, (max-width: 711px) 100vw, 711px\" \/><\/figure>\n\n\n\n<p><em>4 Wiadomo\u015b\u0107 IV<\/em>&nbsp;z cyklu&nbsp;<em>Alfabet znak\u00f3w<\/em>, akwaforta, akwatinta, druk cyfrowy, szablon,<\/p>\n\n\n\n<p>115-80 cm, 2011 r.<\/p>\n<\/div>\n\n\n\n<div class=\"wp-block-column is-layout-flow wp-block-column-is-layout-flow\">\n<figure class=\"wp-block-image size-large\"><img loading=\"lazy\" decoding=\"async\" width=\"699\" height=\"1024\" src=\"https:\/\/csklublin.pl\/wp-content\/uploads\/2023\/04\/002_Andrzej_Weclawski_-3_Wiadomosc-_III_z_-cyklu_Alfabet_znakow_akwaforta_akwatinta_druk_cyfrowy_szablon_115_785_cm_2011_r-699x1024.jpg\" alt=\"obraz\" class=\"wp-image-1863\" srcset=\"https:\/\/csklublin.pl\/wp-content\/uploads\/2023\/04\/002_Andrzej_Weclawski_-3_Wiadomosc-_III_z_-cyklu_Alfabet_znakow_akwaforta_akwatinta_druk_cyfrowy_szablon_115_785_cm_2011_r-699x1024.jpg 699w, https:\/\/csklublin.pl\/wp-content\/uploads\/2023\/04\/002_Andrzej_Weclawski_-3_Wiadomosc-_III_z_-cyklu_Alfabet_znakow_akwaforta_akwatinta_druk_cyfrowy_szablon_115_785_cm_2011_r-205x300.jpg 205w, https:\/\/csklublin.pl\/wp-content\/uploads\/2023\/04\/002_Andrzej_Weclawski_-3_Wiadomosc-_III_z_-cyklu_Alfabet_znakow_akwaforta_akwatinta_druk_cyfrowy_szablon_115_785_cm_2011_r-768x1124.jpg 768w, https:\/\/csklublin.pl\/wp-content\/uploads\/2023\/04\/002_Andrzej_Weclawski_-3_Wiadomosc-_III_z_-cyklu_Alfabet_znakow_akwaforta_akwatinta_druk_cyfrowy_szablon_115_785_cm_2011_r-1049x1536.jpg 1049w, https:\/\/csklublin.pl\/wp-content\/uploads\/2023\/04\/002_Andrzej_Weclawski_-3_Wiadomosc-_III_z_-cyklu_Alfabet_znakow_akwaforta_akwatinta_druk_cyfrowy_szablon_115_785_cm_2011_r.jpg 1168w\" sizes=\"auto, (max-width: 699px) 100vw, 699px\" \/><\/figure>\n\n\n\n<p><em>3 Wiadomo\u015b\u0107 III<\/em>&nbsp;z cyklu&nbsp;<em>Alfabet znak\u00f3w<\/em>, akwaforta, akwatinta, druk cyfrowy, szablon,<\/p>\n\n\n\n<p>115-78,5 cm, 2011 r.<\/p>\n<\/div>\n<\/div>\n\n\n\n<div style=\"height:20px\" aria-hidden=\"true\" class=\"wp-block-spacer\"><\/div>\n\n\n\n<div class=\"wp-block-columns is-layout-flex wp-container-core-columns-is-layout-9d6595d7 wp-block-columns-is-layout-flex\">\n<div class=\"wp-block-column is-layout-flow wp-block-column-is-layout-flow\">\n<figure class=\"wp-block-image size-large\"><img loading=\"lazy\" decoding=\"async\" width=\"649\" height=\"1024\" src=\"https:\/\/csklublin.pl\/wp-content\/uploads\/2023\/04\/003_Andrzej_Weclawski_-z_-cyklu_Alfabet_znakow_akwaforta_akwatinta_druk_cyfrowy_-649x1024.jpg\" alt=\"obraz\" class=\"wp-image-1865\" srcset=\"https:\/\/csklublin.pl\/wp-content\/uploads\/2023\/04\/003_Andrzej_Weclawski_-z_-cyklu_Alfabet_znakow_akwaforta_akwatinta_druk_cyfrowy_-649x1024.jpg 649w, https:\/\/csklublin.pl\/wp-content\/uploads\/2023\/04\/003_Andrzej_Weclawski_-z_-cyklu_Alfabet_znakow_akwaforta_akwatinta_druk_cyfrowy_-190x300.jpg 190w, https:\/\/csklublin.pl\/wp-content\/uploads\/2023\/04\/003_Andrzej_Weclawski_-z_-cyklu_Alfabet_znakow_akwaforta_akwatinta_druk_cyfrowy_-768x1212.jpg 768w, https:\/\/csklublin.pl\/wp-content\/uploads\/2023\/04\/003_Andrzej_Weclawski_-z_-cyklu_Alfabet_znakow_akwaforta_akwatinta_druk_cyfrowy_-973x1536.jpg 973w, https:\/\/csklublin.pl\/wp-content\/uploads\/2023\/04\/003_Andrzej_Weclawski_-z_-cyklu_Alfabet_znakow_akwaforta_akwatinta_druk_cyfrowy_.jpg 1125w\" sizes=\"auto, (max-width: 649px) 100vw, 649px\" \/><\/figure>\n\n\n\n<p>Z cyklu&nbsp;<em>Alfabet znak\u00f3w,&nbsp;<\/em>akwaforta &#8211; akwatinta, druk cyfrowy<\/p>\n<\/div>\n\n\n\n<div class=\"wp-block-column is-layout-flow wp-block-column-is-layout-flow\">\n<figure class=\"wp-block-image size-large\"><img loading=\"lazy\" decoding=\"async\" width=\"675\" height=\"1024\" src=\"https:\/\/csklublin.pl\/wp-content\/uploads\/2023\/04\/004_Andrzej-Weclawski_Alfabet-znakow-3_rysunek-druk-cyfrowy-akwaforta-akwatinta-szablon_117x77-cm_2010-675x1024.jpg\" alt=\"obraz\" class=\"wp-image-1867\" srcset=\"https:\/\/csklublin.pl\/wp-content\/uploads\/2023\/04\/004_Andrzej-Weclawski_Alfabet-znakow-3_rysunek-druk-cyfrowy-akwaforta-akwatinta-szablon_117x77-cm_2010-675x1024.jpg 675w, https:\/\/csklublin.pl\/wp-content\/uploads\/2023\/04\/004_Andrzej-Weclawski_Alfabet-znakow-3_rysunek-druk-cyfrowy-akwaforta-akwatinta-szablon_117x77-cm_2010-198x300.jpg 198w, https:\/\/csklublin.pl\/wp-content\/uploads\/2023\/04\/004_Andrzej-Weclawski_Alfabet-znakow-3_rysunek-druk-cyfrowy-akwaforta-akwatinta-szablon_117x77-cm_2010-768x1165.jpg 768w, https:\/\/csklublin.pl\/wp-content\/uploads\/2023\/04\/004_Andrzej-Weclawski_Alfabet-znakow-3_rysunek-druk-cyfrowy-akwaforta-akwatinta-szablon_117x77-cm_2010-1013x1536.jpg 1013w, https:\/\/csklublin.pl\/wp-content\/uploads\/2023\/04\/004_Andrzej-Weclawski_Alfabet-znakow-3_rysunek-druk-cyfrowy-akwaforta-akwatinta-szablon_117x77-cm_2010.jpg 1148w\" sizes=\"auto, (max-width: 675px) 100vw, 675px\" \/><\/figure>\n\n\n\n<p><em>Alfabet znak\u00f3w 3<\/em>, rysunek, druk cyfrowy, akwaforta, akwatinta, szablon, 117&#215;77 cm, 2010 r.<\/p>\n<\/div>\n<\/div>\n\n\n\n<div style=\"height:20px\" aria-hidden=\"true\" class=\"wp-block-spacer\"><\/div>\n\n\n\n<div class=\"wp-block-columns is-layout-flex wp-container-core-columns-is-layout-9d6595d7 wp-block-columns-is-layout-flex\">\n<div class=\"wp-block-column is-layout-flow wp-block-column-is-layout-flow\">\n<figure class=\"wp-block-image size-large\"><img loading=\"lazy\" decoding=\"async\" width=\"674\" height=\"1024\" src=\"https:\/\/csklublin.pl\/wp-content\/uploads\/2023\/04\/005_Andrzej_Weclawski_-z_-cyklu_Alfabet_znakow_akwaforta_akwatinta_druk_cyfrowy_-674x1024.jpg\" alt=\"obraz\" class=\"wp-image-1869\" srcset=\"https:\/\/csklublin.pl\/wp-content\/uploads\/2023\/04\/005_Andrzej_Weclawski_-z_-cyklu_Alfabet_znakow_akwaforta_akwatinta_druk_cyfrowy_-674x1024.jpg 674w, https:\/\/csklublin.pl\/wp-content\/uploads\/2023\/04\/005_Andrzej_Weclawski_-z_-cyklu_Alfabet_znakow_akwaforta_akwatinta_druk_cyfrowy_-197x300.jpg 197w, https:\/\/csklublin.pl\/wp-content\/uploads\/2023\/04\/005_Andrzej_Weclawski_-z_-cyklu_Alfabet_znakow_akwaforta_akwatinta_druk_cyfrowy_-768x1167.jpg 768w, https:\/\/csklublin.pl\/wp-content\/uploads\/2023\/04\/005_Andrzej_Weclawski_-z_-cyklu_Alfabet_znakow_akwaforta_akwatinta_druk_cyfrowy_-1011x1536.jpg 1011w, https:\/\/csklublin.pl\/wp-content\/uploads\/2023\/04\/005_Andrzej_Weclawski_-z_-cyklu_Alfabet_znakow_akwaforta_akwatinta_druk_cyfrowy_.jpg 1147w\" sizes=\"auto, (max-width: 674px) 100vw, 674px\" \/><\/figure>\n\n\n\n<p>Z cyklu&nbsp;<em>Alfabet znak\u00f3w<\/em>, akwaforta, akwatinta, druk cyfrowy<\/p>\n<\/div>\n\n\n\n<div class=\"wp-block-column is-layout-flow wp-block-column-is-layout-flow\">\n<figure class=\"wp-block-image size-large\"><img loading=\"lazy\" decoding=\"async\" width=\"656\" height=\"1024\" src=\"https:\/\/csklublin.pl\/wp-content\/uploads\/2023\/04\/006_Andrzej_Weclawski_-z_-cyklu_Alfabet_znakow_akwaforta_akwatinta_druk_cyfrowy_-656x1024.jpg\" alt=\"obraz\" class=\"wp-image-1871\" srcset=\"https:\/\/csklublin.pl\/wp-content\/uploads\/2023\/04\/006_Andrzej_Weclawski_-z_-cyklu_Alfabet_znakow_akwaforta_akwatinta_druk_cyfrowy_-656x1024.jpg 656w, https:\/\/csklublin.pl\/wp-content\/uploads\/2023\/04\/006_Andrzej_Weclawski_-z_-cyklu_Alfabet_znakow_akwaforta_akwatinta_druk_cyfrowy_-192x300.jpg 192w, https:\/\/csklublin.pl\/wp-content\/uploads\/2023\/04\/006_Andrzej_Weclawski_-z_-cyklu_Alfabet_znakow_akwaforta_akwatinta_druk_cyfrowy_-768x1199.jpg 768w, https:\/\/csklublin.pl\/wp-content\/uploads\/2023\/04\/006_Andrzej_Weclawski_-z_-cyklu_Alfabet_znakow_akwaforta_akwatinta_druk_cyfrowy_-984x1536.jpg 984w, https:\/\/csklublin.pl\/wp-content\/uploads\/2023\/04\/006_Andrzej_Weclawski_-z_-cyklu_Alfabet_znakow_akwaforta_akwatinta_druk_cyfrowy_.jpg 1131w\" sizes=\"auto, (max-width: 656px) 100vw, 656px\" \/><\/figure>\n\n\n\n<p>Z cyklu&nbsp;<em>Alfabet znak\u00f3w<\/em>, akwaforta, akwatinta, druk cyfrowy<\/p>\n<\/div>\n<\/div>\n\n\n\n<div style=\"height:20px\" aria-hidden=\"true\" class=\"wp-block-spacer\"><\/div>\n\n\n\n<div class=\"wp-block-columns is-layout-flex wp-container-core-columns-is-layout-9d6595d7 wp-block-columns-is-layout-flex\">\n<div class=\"wp-block-column is-layout-flow wp-block-column-is-layout-flow\">\n<figure class=\"wp-block-image size-large\"><img loading=\"lazy\" decoding=\"async\" width=\"1024\" height=\"336\" src=\"https:\/\/csklublin.pl\/wp-content\/uploads\/2023\/04\/007_Andrzej_Weclawski_-The-Alphabet-of-Signs-XXXVI_ADYTON_digital-print-etching-aquatint-stencil-108x72-cm-part-I-_216x72_2018_010_Andrzej_Weclawski_-The-Alpha-1024x336.jpg\" alt=\"obraz\" class=\"wp-image-1873\" srcset=\"https:\/\/csklublin.pl\/wp-content\/uploads\/2023\/04\/007_Andrzej_Weclawski_-The-Alphabet-of-Signs-XXXVI_ADYTON_digital-print-etching-aquatint-stencil-108x72-cm-part-I-_216x72_2018_010_Andrzej_Weclawski_-The-Alpha-1024x336.jpg 1024w, https:\/\/csklublin.pl\/wp-content\/uploads\/2023\/04\/007_Andrzej_Weclawski_-The-Alphabet-of-Signs-XXXVI_ADYTON_digital-print-etching-aquatint-stencil-108x72-cm-part-I-_216x72_2018_010_Andrzej_Weclawski_-The-Alpha-300x99.jpg 300w, https:\/\/csklublin.pl\/wp-content\/uploads\/2023\/04\/007_Andrzej_Weclawski_-The-Alphabet-of-Signs-XXXVI_ADYTON_digital-print-etching-aquatint-stencil-108x72-cm-part-I-_216x72_2018_010_Andrzej_Weclawski_-The-Alpha-768x252.jpg 768w, https:\/\/csklublin.pl\/wp-content\/uploads\/2023\/04\/007_Andrzej_Weclawski_-The-Alphabet-of-Signs-XXXVI_ADYTON_digital-print-etching-aquatint-stencil-108x72-cm-part-I-_216x72_2018_010_Andrzej_Weclawski_-The-Alpha-1536x504.jpg 1536w, https:\/\/csklublin.pl\/wp-content\/uploads\/2023\/04\/007_Andrzej_Weclawski_-The-Alphabet-of-Signs-XXXVI_ADYTON_digital-print-etching-aquatint-stencil-108x72-cm-part-I-_216x72_2018_010_Andrzej_Weclawski_-The-Alpha-2048x672.jpg 2048w\" sizes=\"auto, (max-width: 1024px) 100vw, 1024px\" \/><\/figure>\n\n\n\n<p><em>The Alphabet of Signs XXXVI ADYTON<\/em>, digital print etching aquatint stencil, 108&#215;72 cm, part I 216&#215;72 cm 2018 r., 010 The Alpha<\/p>\n<\/div>\n\n\n\n<div class=\"wp-block-column is-layout-flow wp-block-column-is-layout-flow\">\n<figure class=\"wp-block-image size-large\"><img loading=\"lazy\" decoding=\"async\" width=\"691\" height=\"1024\" src=\"https:\/\/csklublin.pl\/wp-content\/uploads\/2023\/04\/008_Andrzej-Weclawski_Alfabet-znakow-2_rysunek-druk-cyfrowy-szablon_117x77-cm_2010-691x1024.jpg\" alt=\"obraz\" class=\"wp-image-1875\" srcset=\"https:\/\/csklublin.pl\/wp-content\/uploads\/2023\/04\/008_Andrzej-Weclawski_Alfabet-znakow-2_rysunek-druk-cyfrowy-szablon_117x77-cm_2010-691x1024.jpg 691w, https:\/\/csklublin.pl\/wp-content\/uploads\/2023\/04\/008_Andrzej-Weclawski_Alfabet-znakow-2_rysunek-druk-cyfrowy-szablon_117x77-cm_2010-202x300.jpg 202w, https:\/\/csklublin.pl\/wp-content\/uploads\/2023\/04\/008_Andrzej-Weclawski_Alfabet-znakow-2_rysunek-druk-cyfrowy-szablon_117x77-cm_2010-768x1138.jpg 768w, https:\/\/csklublin.pl\/wp-content\/uploads\/2023\/04\/008_Andrzej-Weclawski_Alfabet-znakow-2_rysunek-druk-cyfrowy-szablon_117x77-cm_2010-1036x1536.jpg 1036w, https:\/\/csklublin.pl\/wp-content\/uploads\/2023\/04\/008_Andrzej-Weclawski_Alfabet-znakow-2_rysunek-druk-cyfrowy-szablon_117x77-cm_2010.jpg 1161w\" sizes=\"auto, (max-width: 691px) 100vw, 691px\" \/><\/figure>\n\n\n\n<p><em>Alfabet znak\u00f3w 2<\/em>, rysunek, druk cyfrowy, szablon, 117&#215;77 cm, 2010 r.<\/p>\n<\/div>\n<\/div>\n\n\n\n<div style=\"height:20px\" aria-hidden=\"true\" class=\"wp-block-spacer\"><\/div>\n\n\n\n<div class=\"wp-block-columns is-layout-flex wp-container-core-columns-is-layout-9d6595d7 wp-block-columns-is-layout-flex\">\n<div class=\"wp-block-column is-layout-flow wp-block-column-is-layout-flow\">\n<figure class=\"wp-block-image size-large\"><img loading=\"lazy\" decoding=\"async\" width=\"1024\" height=\"722\" src=\"https:\/\/csklublin.pl\/wp-content\/uploads\/2023\/04\/009_Andrzej_Weclawski_-z_-cyklu-_Przemiany-I_-rysunek_100x70-cm_2007-1024x722.jpg\" alt=\"obraz\" class=\"wp-image-1877\" srcset=\"https:\/\/csklublin.pl\/wp-content\/uploads\/2023\/04\/009_Andrzej_Weclawski_-z_-cyklu-_Przemiany-I_-rysunek_100x70-cm_2007-1024x722.jpg 1024w, https:\/\/csklublin.pl\/wp-content\/uploads\/2023\/04\/009_Andrzej_Weclawski_-z_-cyklu-_Przemiany-I_-rysunek_100x70-cm_2007-300x211.jpg 300w, https:\/\/csklublin.pl\/wp-content\/uploads\/2023\/04\/009_Andrzej_Weclawski_-z_-cyklu-_Przemiany-I_-rysunek_100x70-cm_2007-768x541.jpg 768w, https:\/\/csklublin.pl\/wp-content\/uploads\/2023\/04\/009_Andrzej_Weclawski_-z_-cyklu-_Przemiany-I_-rysunek_100x70-cm_2007-1536x1083.jpg 1536w, https:\/\/csklublin.pl\/wp-content\/uploads\/2023\/04\/009_Andrzej_Weclawski_-z_-cyklu-_Przemiany-I_-rysunek_100x70-cm_2007.jpg 1684w\" sizes=\"auto, (max-width: 1024px) 100vw, 1024px\" \/><\/figure>\n\n\n\n<p>Z cyklu&nbsp;<em>Przemiany I<\/em>, rysunek, 100&#215;70 cm, 2007 r.<\/p>\n<\/div>\n\n\n\n<div class=\"wp-block-column is-layout-flow wp-block-column-is-layout-flow\">\n<figure class=\"wp-block-image size-large\"><img loading=\"lazy\" decoding=\"async\" width=\"1024\" height=\"716\" src=\"https:\/\/csklublin.pl\/wp-content\/uploads\/2023\/04\/0010_Andrzej_Weclawski_-z_-cyklu-_Przemiany-II_-rysunek_100x70-cm_2007-1024x716.jpg\" alt=\"obraz\" class=\"wp-image-1879\" srcset=\"https:\/\/csklublin.pl\/wp-content\/uploads\/2023\/04\/0010_Andrzej_Weclawski_-z_-cyklu-_Przemiany-II_-rysunek_100x70-cm_2007-1024x716.jpg 1024w, https:\/\/csklublin.pl\/wp-content\/uploads\/2023\/04\/0010_Andrzej_Weclawski_-z_-cyklu-_Przemiany-II_-rysunek_100x70-cm_2007-300x210.jpg 300w, https:\/\/csklublin.pl\/wp-content\/uploads\/2023\/04\/0010_Andrzej_Weclawski_-z_-cyklu-_Przemiany-II_-rysunek_100x70-cm_2007-768x537.jpg 768w, https:\/\/csklublin.pl\/wp-content\/uploads\/2023\/04\/0010_Andrzej_Weclawski_-z_-cyklu-_Przemiany-II_-rysunek_100x70-cm_2007-1536x1074.jpg 1536w, https:\/\/csklublin.pl\/wp-content\/uploads\/2023\/04\/0010_Andrzej_Weclawski_-z_-cyklu-_Przemiany-II_-rysunek_100x70-cm_2007.jpg 1691w\" sizes=\"auto, (max-width: 1024px) 100vw, 1024px\" \/><\/figure>\n\n\n\n<p>Z cyklu&nbsp;<em>Przemiany II<\/em>, rysunek, 100&#215;70 cm, 2007 r.<\/p>\n<\/div>\n<\/div>\n\n\n\n<div style=\"height:20px\" aria-hidden=\"true\" class=\"wp-block-spacer\"><\/div>\n\n\n\n<div class=\"wp-block-columns is-layout-flex wp-container-core-columns-is-layout-9d6595d7 wp-block-columns-is-layout-flex\">\n<div class=\"wp-block-column is-layout-flow wp-block-column-is-layout-flow\">\n<figure class=\"wp-block-image size-large\"><img loading=\"lazy\" decoding=\"async\" width=\"1024\" height=\"656\" src=\"https:\/\/csklublin.pl\/wp-content\/uploads\/2023\/04\/0011_Andrzej-Weclawski_Alfabet-znakow-III_akwaforta-akwatinta-szablon_111x70-cm_2007-1024x656.jpg\" alt=\"obraz\" class=\"wp-image-1881\" srcset=\"https:\/\/csklublin.pl\/wp-content\/uploads\/2023\/04\/0011_Andrzej-Weclawski_Alfabet-znakow-III_akwaforta-akwatinta-szablon_111x70-cm_2007-1024x656.jpg 1024w, https:\/\/csklublin.pl\/wp-content\/uploads\/2023\/04\/0011_Andrzej-Weclawski_Alfabet-znakow-III_akwaforta-akwatinta-szablon_111x70-cm_2007-300x192.jpg 300w, https:\/\/csklublin.pl\/wp-content\/uploads\/2023\/04\/0011_Andrzej-Weclawski_Alfabet-znakow-III_akwaforta-akwatinta-szablon_111x70-cm_2007-768x492.jpg 768w, https:\/\/csklublin.pl\/wp-content\/uploads\/2023\/04\/0011_Andrzej-Weclawski_Alfabet-znakow-III_akwaforta-akwatinta-szablon_111x70-cm_2007-1536x985.jpg 1536w, https:\/\/csklublin.pl\/wp-content\/uploads\/2023\/04\/0011_Andrzej-Weclawski_Alfabet-znakow-III_akwaforta-akwatinta-szablon_111x70-cm_2007.jpg 1766w\" sizes=\"auto, (max-width: 1024px) 100vw, 1024px\" \/><\/figure>\n\n\n\n<p><em>Alfabet znak\u00f3w III<\/em>, akwaforta-akwatinta, szablon 111&#215;70 cm, 2007 r.<\/p>\n<\/div>\n\n\n\n<div class=\"wp-block-column is-layout-flow wp-block-column-is-layout-flow\">\n<figure class=\"wp-block-image size-large\"><img loading=\"lazy\" decoding=\"async\" width=\"1024\" height=\"738\" src=\"https:\/\/csklublin.pl\/wp-content\/uploads\/2023\/04\/0012_Andrzej-Weclawski_Opisywanie-pejzazu_technika-wlasna_140x94-cm_1997-1024x738.jpg\" alt=\"obraz\" class=\"wp-image-1883\" srcset=\"https:\/\/csklublin.pl\/wp-content\/uploads\/2023\/04\/0012_Andrzej-Weclawski_Opisywanie-pejzazu_technika-wlasna_140x94-cm_1997-1024x738.jpg 1024w, https:\/\/csklublin.pl\/wp-content\/uploads\/2023\/04\/0012_Andrzej-Weclawski_Opisywanie-pejzazu_technika-wlasna_140x94-cm_1997-300x216.jpg 300w, https:\/\/csklublin.pl\/wp-content\/uploads\/2023\/04\/0012_Andrzej-Weclawski_Opisywanie-pejzazu_technika-wlasna_140x94-cm_1997-768x553.jpg 768w, https:\/\/csklublin.pl\/wp-content\/uploads\/2023\/04\/0012_Andrzej-Weclawski_Opisywanie-pejzazu_technika-wlasna_140x94-cm_1997-1536x1106.jpg 1536w, https:\/\/csklublin.pl\/wp-content\/uploads\/2023\/04\/0012_Andrzej-Weclawski_Opisywanie-pejzazu_technika-wlasna_140x94-cm_1997.jpg 1666w\" sizes=\"auto, (max-width: 1024px) 100vw, 1024px\" \/><\/figure>\n\n\n\n<p><em>Opisywanie pejza\u017cu<\/em>, technika w\u0142asna, 140&#215;94 cm, 1997 r.<\/p>\n<\/div>\n<\/div>\n\n\n\n<div style=\"height:20px\" aria-hidden=\"true\" class=\"wp-block-spacer\"><\/div>\n\n\n\n<div class=\"wp-block-columns is-layout-flex wp-container-core-columns-is-layout-9d6595d7 wp-block-columns-is-layout-flex\">\n<div class=\"wp-block-column is-layout-flow wp-block-column-is-layout-flow\">\n<figure class=\"wp-block-image size-large\"><img loading=\"lazy\" decoding=\"async\" width=\"1024\" height=\"743\" src=\"https:\/\/csklublin.pl\/wp-content\/uploads\/2023\/04\/0013_Andrzej-Weclawski_Opis-miejsca_technika-wlasna_140x95-cm_2002_2003-1024x743.jpg\" alt=\"obraz\" class=\"wp-image-1885\" srcset=\"https:\/\/csklublin.pl\/wp-content\/uploads\/2023\/04\/0013_Andrzej-Weclawski_Opis-miejsca_technika-wlasna_140x95-cm_2002_2003-1024x743.jpg 1024w, https:\/\/csklublin.pl\/wp-content\/uploads\/2023\/04\/0013_Andrzej-Weclawski_Opis-miejsca_technika-wlasna_140x95-cm_2002_2003-300x218.jpg 300w, https:\/\/csklublin.pl\/wp-content\/uploads\/2023\/04\/0013_Andrzej-Weclawski_Opis-miejsca_technika-wlasna_140x95-cm_2002_2003-768x557.jpg 768w, https:\/\/csklublin.pl\/wp-content\/uploads\/2023\/04\/0013_Andrzej-Weclawski_Opis-miejsca_technika-wlasna_140x95-cm_2002_2003-1536x1115.jpg 1536w, https:\/\/csklublin.pl\/wp-content\/uploads\/2023\/04\/0013_Andrzej-Weclawski_Opis-miejsca_technika-wlasna_140x95-cm_2002_2003.jpg 1659w\" sizes=\"auto, (max-width: 1024px) 100vw, 1024px\" \/><\/figure>\n\n\n\n<p><em>Opisywanie pejza\u017cu<\/em>, technika w\u0142asna, 140&#215;94 cm, 1997 r.<\/p>\n<\/div>\n\n\n\n<div class=\"wp-block-column is-layout-flow wp-block-column-is-layout-flow\">\n<figure class=\"wp-block-image size-large\"><img loading=\"lazy\" decoding=\"async\" width=\"1024\" height=\"395\" src=\"https:\/\/csklublin.pl\/wp-content\/uploads\/2023\/04\/0014_Andrzej-Weclawski_Iluminacje-znakow-II_druk-cyfrowy_akwaforta_szablon_sitodruk-__115x298-cm_2014-rok-1024x395.jpg\" alt=\"obraz\" class=\"wp-image-1887\" srcset=\"https:\/\/csklublin.pl\/wp-content\/uploads\/2023\/04\/0014_Andrzej-Weclawski_Iluminacje-znakow-II_druk-cyfrowy_akwaforta_szablon_sitodruk-__115x298-cm_2014-rok-1024x395.jpg 1024w, https:\/\/csklublin.pl\/wp-content\/uploads\/2023\/04\/0014_Andrzej-Weclawski_Iluminacje-znakow-II_druk-cyfrowy_akwaforta_szablon_sitodruk-__115x298-cm_2014-rok-300x116.jpg 300w, https:\/\/csklublin.pl\/wp-content\/uploads\/2023\/04\/0014_Andrzej-Weclawski_Iluminacje-znakow-II_druk-cyfrowy_akwaforta_szablon_sitodruk-__115x298-cm_2014-rok-768x297.jpg 768w, https:\/\/csklublin.pl\/wp-content\/uploads\/2023\/04\/0014_Andrzej-Weclawski_Iluminacje-znakow-II_druk-cyfrowy_akwaforta_szablon_sitodruk-__115x298-cm_2014-rok.jpg 1181w\" sizes=\"auto, (max-width: 1024px) 100vw, 1024px\" \/><\/figure>\n\n\n\n<p><em>Iluminacje znak\u00f3w II<\/em>, druk cyfrowy, akwaforta, szablon, sitodruk, 115&#215;298 cm, 2014 r.<\/p>\n<\/div>\n<\/div>\n\n\n\n<div style=\"height:20px\" aria-hidden=\"true\" class=\"wp-block-spacer\"><\/div>\n\n\n\n<div class=\"wp-block-columns is-layout-flex wp-container-core-columns-is-layout-9d6595d7 wp-block-columns-is-layout-flex\">\n<div class=\"wp-block-column is-layout-flow wp-block-column-is-layout-flow\">\n<figure class=\"wp-block-image size-large\"><img loading=\"lazy\" decoding=\"async\" width=\"1024\" height=\"519\" src=\"https:\/\/csklublin.pl\/wp-content\/uploads\/2023\/04\/0015_Andrzej-Weclawski_Black-screenplay-I_serigrafia-szablon-druk-cyfrowy_116x229-cm_2015-1024x519.jpg\" alt=\"obraz\" class=\"wp-image-1889\" srcset=\"https:\/\/csklublin.pl\/wp-content\/uploads\/2023\/04\/0015_Andrzej-Weclawski_Black-screenplay-I_serigrafia-szablon-druk-cyfrowy_116x229-cm_2015-1024x519.jpg 1024w, https:\/\/csklublin.pl\/wp-content\/uploads\/2023\/04\/0015_Andrzej-Weclawski_Black-screenplay-I_serigrafia-szablon-druk-cyfrowy_116x229-cm_2015-300x152.jpg 300w, https:\/\/csklublin.pl\/wp-content\/uploads\/2023\/04\/0015_Andrzej-Weclawski_Black-screenplay-I_serigrafia-szablon-druk-cyfrowy_116x229-cm_2015-768x390.jpg 768w, https:\/\/csklublin.pl\/wp-content\/uploads\/2023\/04\/0015_Andrzej-Weclawski_Black-screenplay-I_serigrafia-szablon-druk-cyfrowy_116x229-cm_2015-1536x779.jpg 1536w, https:\/\/csklublin.pl\/wp-content\/uploads\/2023\/04\/0015_Andrzej-Weclawski_Black-screenplay-I_serigrafia-szablon-druk-cyfrowy_116x229-cm_2015.jpg 1985w\" sizes=\"auto, (max-width: 1024px) 100vw, 1024px\" \/><\/figure>\n\n\n\n<p><em>Black screenplay I<\/em>, serigrafia, szablon, druk cyfrowy, 116&#215;229 cm, 2015 r.<\/p>\n<\/div>\n\n\n\n<div class=\"wp-block-column is-layout-flow wp-block-column-is-layout-flow\">\n<figure class=\"wp-block-image size-large\"><img loading=\"lazy\" decoding=\"async\" width=\"1024\" height=\"532\" src=\"https:\/\/csklublin.pl\/wp-content\/uploads\/2023\/04\/0016_Andrzej-Weclawski_Iluminacje-znakow-III_szablon_sitodruk-__115x215-cm_2015-rok-1024x532.jpg\" alt=\"obraz\" class=\"wp-image-1891\" srcset=\"https:\/\/csklublin.pl\/wp-content\/uploads\/2023\/04\/0016_Andrzej-Weclawski_Iluminacje-znakow-III_szablon_sitodruk-__115x215-cm_2015-rok-1024x532.jpg 1024w, https:\/\/csklublin.pl\/wp-content\/uploads\/2023\/04\/0016_Andrzej-Weclawski_Iluminacje-znakow-III_szablon_sitodruk-__115x215-cm_2015-rok-300x156.jpg 300w, https:\/\/csklublin.pl\/wp-content\/uploads\/2023\/04\/0016_Andrzej-Weclawski_Iluminacje-znakow-III_szablon_sitodruk-__115x215-cm_2015-rok-768x399.jpg 768w, https:\/\/csklublin.pl\/wp-content\/uploads\/2023\/04\/0016_Andrzej-Weclawski_Iluminacje-znakow-III_szablon_sitodruk-__115x215-cm_2015-rok-1536x798.jpg 1536w, https:\/\/csklublin.pl\/wp-content\/uploads\/2023\/04\/0016_Andrzej-Weclawski_Iluminacje-znakow-III_szablon_sitodruk-__115x215-cm_2015-rok.jpg 1962w\" sizes=\"auto, (max-width: 1024px) 100vw, 1024px\" \/><\/figure>\n\n\n\n<p><em>Iluminacje znak\u00f3w III<\/em>, szablon, sitodruk, 115&#215;215 cm, 2015 r.<\/p>\n<\/div>\n<\/div>\n\n\n\n<div style=\"height:20px\" aria-hidden=\"true\" class=\"wp-block-spacer\"><\/div>\n\n\n\n<div class=\"wp-block-columns is-layout-flex wp-container-core-columns-is-layout-9d6595d7 wp-block-columns-is-layout-flex\">\n<div class=\"wp-block-column is-layout-flow wp-block-column-is-layout-flow\">\n<figure class=\"wp-block-image size-large\"><img loading=\"lazy\" decoding=\"async\" width=\"1024\" height=\"822\" src=\"https:\/\/csklublin.pl\/wp-content\/uploads\/2023\/04\/0017_Andrzej-Weclawski-_z-cyklu-_The-note_Zapis-I-Czarnobialy_intaglio-druk-cyfrowy-serigrafia_-151x117-cm_2018-1024x822.jpg\" alt=\"obraz\" class=\"wp-image-1893\" srcset=\"https:\/\/csklublin.pl\/wp-content\/uploads\/2023\/04\/0017_Andrzej-Weclawski-_z-cyklu-_The-note_Zapis-I-Czarnobialy_intaglio-druk-cyfrowy-serigrafia_-151x117-cm_2018-1024x822.jpg 1024w, https:\/\/csklublin.pl\/wp-content\/uploads\/2023\/04\/0017_Andrzej-Weclawski-_z-cyklu-_The-note_Zapis-I-Czarnobialy_intaglio-druk-cyfrowy-serigrafia_-151x117-cm_2018-300x241.jpg 300w, https:\/\/csklublin.pl\/wp-content\/uploads\/2023\/04\/0017_Andrzej-Weclawski-_z-cyklu-_The-note_Zapis-I-Czarnobialy_intaglio-druk-cyfrowy-serigrafia_-151x117-cm_2018-768x616.jpg 768w, https:\/\/csklublin.pl\/wp-content\/uploads\/2023\/04\/0017_Andrzej-Weclawski-_z-cyklu-_The-note_Zapis-I-Czarnobialy_intaglio-druk-cyfrowy-serigrafia_-151x117-cm_2018-1536x1232.jpg 1536w, https:\/\/csklublin.pl\/wp-content\/uploads\/2023\/04\/0017_Andrzej-Weclawski-_z-cyklu-_The-note_Zapis-I-Czarnobialy_intaglio-druk-cyfrowy-serigrafia_-151x117-cm_2018.jpg 1578w\" sizes=\"auto, (max-width: 1024px) 100vw, 1024px\" \/><\/figure>\n\n\n\n<p>Z cyklu&nbsp;<em>The note Zapis I Czarnobia\u0142y,&nbsp;<\/em>intaglio, druk cyfrowy, serigrafia, 151&#215;117 cm, 2018 r.<\/p>\n<\/div>\n\n\n\n<div class=\"wp-block-column is-layout-flow wp-block-column-is-layout-flow\">\n<figure class=\"wp-block-image size-large\"><img loading=\"lazy\" decoding=\"async\" width=\"1024\" height=\"807\" src=\"https:\/\/csklublin.pl\/wp-content\/uploads\/2023\/04\/0018-Andrzej-Weclawski-_z-cyklu-_The-note_Zapis-II-Czerwony_intaglio-druk-cyfrowy-serigrafia_-150x117-cm_2018-1024x807.jpg\" alt=\"obraz\" class=\"wp-image-1895\" srcset=\"https:\/\/csklublin.pl\/wp-content\/uploads\/2023\/04\/0018-Andrzej-Weclawski-_z-cyklu-_The-note_Zapis-II-Czerwony_intaglio-druk-cyfrowy-serigrafia_-150x117-cm_2018-1024x807.jpg 1024w, https:\/\/csklublin.pl\/wp-content\/uploads\/2023\/04\/0018-Andrzej-Weclawski-_z-cyklu-_The-note_Zapis-II-Czerwony_intaglio-druk-cyfrowy-serigrafia_-150x117-cm_2018-300x236.jpg 300w, https:\/\/csklublin.pl\/wp-content\/uploads\/2023\/04\/0018-Andrzej-Weclawski-_z-cyklu-_The-note_Zapis-II-Czerwony_intaglio-druk-cyfrowy-serigrafia_-150x117-cm_2018-768x605.jpg 768w, https:\/\/csklublin.pl\/wp-content\/uploads\/2023\/04\/0018-Andrzej-Weclawski-_z-cyklu-_The-note_Zapis-II-Czerwony_intaglio-druk-cyfrowy-serigrafia_-150x117-cm_2018-1536x1210.jpg 1536w, https:\/\/csklublin.pl\/wp-content\/uploads\/2023\/04\/0018-Andrzej-Weclawski-_z-cyklu-_The-note_Zapis-II-Czerwony_intaglio-druk-cyfrowy-serigrafia_-150x117-cm_2018.jpg 1593w\" sizes=\"auto, (max-width: 1024px) 100vw, 1024px\" \/><\/figure>\n\n\n\n<p>Z cyklu&nbsp;<em>The note Zapis II Czerwony,&nbsp;<\/em>intaglio, druk cyfrowy, serigrafia, 150&#215;117 cm, 2018 r.<\/p>\n<\/div>\n<\/div>\n\n\n\n<div style=\"height:20px\" aria-hidden=\"true\" class=\"wp-block-spacer\"><\/div>\n\n\n\n<div class=\"wp-block-columns is-layout-flex wp-container-core-columns-is-layout-9d6595d7 wp-block-columns-is-layout-flex\">\n<div class=\"wp-block-column is-layout-flow wp-block-column-is-layout-flow\">\n<figure class=\"wp-block-image size-large\"><img loading=\"lazy\" decoding=\"async\" width=\"1024\" height=\"367\" src=\"https:\/\/csklublin.pl\/wp-content\/uploads\/2023\/04\/0019__-Andrzej-Weclawski_The-last-note-_intaglio_serigrafia_druk-cyfrowy_szablon_113x300-cm_2018-1024x367.jpg\" alt=\"obraz\" class=\"wp-image-1897\" srcset=\"https:\/\/csklublin.pl\/wp-content\/uploads\/2023\/04\/0019__-Andrzej-Weclawski_The-last-note-_intaglio_serigrafia_druk-cyfrowy_szablon_113x300-cm_2018-1024x367.jpg 1024w, https:\/\/csklublin.pl\/wp-content\/uploads\/2023\/04\/0019__-Andrzej-Weclawski_The-last-note-_intaglio_serigrafia_druk-cyfrowy_szablon_113x300-cm_2018-300x108.jpg 300w, https:\/\/csklublin.pl\/wp-content\/uploads\/2023\/04\/0019__-Andrzej-Weclawski_The-last-note-_intaglio_serigrafia_druk-cyfrowy_szablon_113x300-cm_2018-768x275.jpg 768w, https:\/\/csklublin.pl\/wp-content\/uploads\/2023\/04\/0019__-Andrzej-Weclawski_The-last-note-_intaglio_serigrafia_druk-cyfrowy_szablon_113x300-cm_2018-1536x551.jpg 1536w, https:\/\/csklublin.pl\/wp-content\/uploads\/2023\/04\/0019__-Andrzej-Weclawski_The-last-note-_intaglio_serigrafia_druk-cyfrowy_szablon_113x300-cm_2018-2048x734.jpg 2048w\" sizes=\"auto, (max-width: 1024px) 100vw, 1024px\" \/><\/figure>\n\n\n\n<p><em>The last note<\/em>, intaglio, serigrafia druk cyfrowy, szablon, 113&#215;300 cm, 2018 r.<\/p>\n<\/div>\n\n\n\n<div class=\"wp-block-column is-layout-flow wp-block-column-is-layout-flow\">\n<figure class=\"wp-block-image size-large\"><img loading=\"lazy\" decoding=\"async\" width=\"1024\" height=\"633\" src=\"https:\/\/csklublin.pl\/wp-content\/uploads\/2023\/04\/0021__Wystawa-_Andrzej-Weclawski-_-Alfabet-znakow_Muzeum-Lubelskie-_-Lublin_2009_2010-1024x633.jpg\" alt=\"galeria\" class=\"wp-image-1899\" srcset=\"https:\/\/csklublin.pl\/wp-content\/uploads\/2023\/04\/0021__Wystawa-_Andrzej-Weclawski-_-Alfabet-znakow_Muzeum-Lubelskie-_-Lublin_2009_2010-1024x633.jpg 1024w, https:\/\/csklublin.pl\/wp-content\/uploads\/2023\/04\/0021__Wystawa-_Andrzej-Weclawski-_-Alfabet-znakow_Muzeum-Lubelskie-_-Lublin_2009_2010-300x185.jpg 300w, https:\/\/csklublin.pl\/wp-content\/uploads\/2023\/04\/0021__Wystawa-_Andrzej-Weclawski-_-Alfabet-znakow_Muzeum-Lubelskie-_-Lublin_2009_2010-768x475.jpg 768w, https:\/\/csklublin.pl\/wp-content\/uploads\/2023\/04\/0021__Wystawa-_Andrzej-Weclawski-_-Alfabet-znakow_Muzeum-Lubelskie-_-Lublin_2009_2010-1536x949.jpg 1536w, https:\/\/csklublin.pl\/wp-content\/uploads\/2023\/04\/0021__Wystawa-_Andrzej-Weclawski-_-Alfabet-znakow_Muzeum-Lubelskie-_-Lublin_2009_2010.jpg 1798w\" sizes=\"auto, (max-width: 1024px) 100vw, 1024px\" \/><\/figure>\n\n\n\n<p><em>Alfabet znak\u00f3w<\/em>, Muzeum Lubelskie, Lublin, 2009\/2010 r.<\/p>\n<\/div>\n<\/div>\n\n\n\n<div style=\"height:20px\" aria-hidden=\"true\" class=\"wp-block-spacer\"><\/div>\n\n\n\n<div class=\"wp-block-columns is-layout-flex wp-container-core-columns-is-layout-9d6595d7 wp-block-columns-is-layout-flex\">\n<div class=\"wp-block-column is-layout-flow wp-block-column-is-layout-flow\">\n<figure class=\"wp-block-image size-large\"><img loading=\"lazy\" decoding=\"async\" width=\"1024\" height=\"788\" src=\"https:\/\/csklublin.pl\/wp-content\/uploads\/2023\/04\/0022_Wystawa-_Andrzej-Weclawski-_-Alfabet-znakow_Muzeum-Lubelskie-_-Lublin_2009_2010-1024x788.jpg\" alt=\"galeria\" class=\"wp-image-1901\" srcset=\"https:\/\/csklublin.pl\/wp-content\/uploads\/2023\/04\/0022_Wystawa-_Andrzej-Weclawski-_-Alfabet-znakow_Muzeum-Lubelskie-_-Lublin_2009_2010-1024x788.jpg 1024w, https:\/\/csklublin.pl\/wp-content\/uploads\/2023\/04\/0022_Wystawa-_Andrzej-Weclawski-_-Alfabet-znakow_Muzeum-Lubelskie-_-Lublin_2009_2010-300x231.jpg 300w, https:\/\/csklublin.pl\/wp-content\/uploads\/2023\/04\/0022_Wystawa-_Andrzej-Weclawski-_-Alfabet-znakow_Muzeum-Lubelskie-_-Lublin_2009_2010-768x591.jpg 768w, https:\/\/csklublin.pl\/wp-content\/uploads\/2023\/04\/0022_Wystawa-_Andrzej-Weclawski-_-Alfabet-znakow_Muzeum-Lubelskie-_-Lublin_2009_2010-1536x1182.jpg 1536w, https:\/\/csklublin.pl\/wp-content\/uploads\/2023\/04\/0022_Wystawa-_Andrzej-Weclawski-_-Alfabet-znakow_Muzeum-Lubelskie-_-Lublin_2009_2010.jpg 1611w\" sizes=\"auto, (max-width: 1024px) 100vw, 1024px\" \/><\/figure>\n\n\n\n<p><em>Alfabet znak\u00f3w<\/em>, Muzeum Lubelskie, Lublin, 2009\/2010 r.<\/p>\n<\/div>\n\n\n\n<div class=\"wp-block-column is-layout-flow wp-block-column-is-layout-flow\">\n<figure class=\"wp-block-image size-large\"><img loading=\"lazy\" decoding=\"async\" width=\"1024\" height=\"633\" src=\"https:\/\/csklublin.pl\/wp-content\/uploads\/2023\/04\/0023_Wystawa-_Andrzej-Weclawski-_-Alfabet-znakow_Muzeum-Lubelskie-_-Lublin_2009_2010-1024x633.jpg\" alt=\"galeria\" class=\"wp-image-1903\" srcset=\"https:\/\/csklublin.pl\/wp-content\/uploads\/2023\/04\/0023_Wystawa-_Andrzej-Weclawski-_-Alfabet-znakow_Muzeum-Lubelskie-_-Lublin_2009_2010-1024x633.jpg 1024w, https:\/\/csklublin.pl\/wp-content\/uploads\/2023\/04\/0023_Wystawa-_Andrzej-Weclawski-_-Alfabet-znakow_Muzeum-Lubelskie-_-Lublin_2009_2010-300x186.jpg 300w, https:\/\/csklublin.pl\/wp-content\/uploads\/2023\/04\/0023_Wystawa-_Andrzej-Weclawski-_-Alfabet-znakow_Muzeum-Lubelskie-_-Lublin_2009_2010-768x475.jpg 768w, https:\/\/csklublin.pl\/wp-content\/uploads\/2023\/04\/0023_Wystawa-_Andrzej-Weclawski-_-Alfabet-znakow_Muzeum-Lubelskie-_-Lublin_2009_2010-1536x950.jpg 1536w, https:\/\/csklublin.pl\/wp-content\/uploads\/2023\/04\/0023_Wystawa-_Andrzej-Weclawski-_-Alfabet-znakow_Muzeum-Lubelskie-_-Lublin_2009_2010.jpg 1798w\" sizes=\"auto, (max-width: 1024px) 100vw, 1024px\" \/><\/figure>\n\n\n\n<p><em>Alfabet znak\u00f3w<\/em>, Muzeum Lubelskie, Lublin, 2009\/2010 r.<\/p>\n<\/div>\n<\/div>\n\n\n\n<div style=\"height:20px\" aria-hidden=\"true\" class=\"wp-block-spacer\"><\/div>\n\n\n\n<div class=\"wp-block-columns is-layout-flex wp-container-core-columns-is-layout-9d6595d7 wp-block-columns-is-layout-flex\">\n<div class=\"wp-block-column is-layout-flow wp-block-column-is-layout-flow\">\n<figure class=\"wp-block-image size-large\"><img loading=\"lazy\" decoding=\"async\" width=\"1024\" height=\"652\" src=\"https:\/\/csklublin.pl\/wp-content\/uploads\/2023\/04\/0024_Wystawa-Wielosc-w-jednosci-Muzeum-Okregowe-w-Bydgoszczy_Bydgoszcz-2018_0-1024x652.jpg\" alt=\"galeria\" class=\"wp-image-1905\" srcset=\"https:\/\/csklublin.pl\/wp-content\/uploads\/2023\/04\/0024_Wystawa-Wielosc-w-jednosci-Muzeum-Okregowe-w-Bydgoszczy_Bydgoszcz-2018_0-1024x652.jpg 1024w, https:\/\/csklublin.pl\/wp-content\/uploads\/2023\/04\/0024_Wystawa-Wielosc-w-jednosci-Muzeum-Okregowe-w-Bydgoszczy_Bydgoszcz-2018_0-300x191.jpg 300w, https:\/\/csklublin.pl\/wp-content\/uploads\/2023\/04\/0024_Wystawa-Wielosc-w-jednosci-Muzeum-Okregowe-w-Bydgoszczy_Bydgoszcz-2018_0-768x489.jpg 768w, https:\/\/csklublin.pl\/wp-content\/uploads\/2023\/04\/0024_Wystawa-Wielosc-w-jednosci-Muzeum-Okregowe-w-Bydgoszczy_Bydgoszcz-2018_0-1536x978.jpg 1536w, https:\/\/csklublin.pl\/wp-content\/uploads\/2023\/04\/0024_Wystawa-Wielosc-w-jednosci-Muzeum-Okregowe-w-Bydgoszczy_Bydgoszcz-2018_0.jpg 1771w\" sizes=\"auto, (max-width: 1024px) 100vw, 1024px\" \/><\/figure>\n\n\n\n<p>Wystawa&nbsp;<em>Wielo\u015b\u0107 w jedno\u015bci<\/em>, Muzeum Okr\u0119gowe w Bydgoszczy, Bydgoszcz 2018 r.<\/p>\n<\/div>\n\n\n\n<div class=\"wp-block-column is-layout-flow wp-block-column-is-layout-flow\">\n<figure class=\"wp-block-image size-large\"><img loading=\"lazy\" decoding=\"async\" width=\"1024\" height=\"436\" src=\"https:\/\/csklublin.pl\/wp-content\/uploads\/2023\/04\/0025_Wystawa-_Weclawski-_Tomalski-_Grafika-Galeria-SPODKI-Bialystok-2017-1024x436.jpg\" alt=\"galeria\" class=\"wp-image-1907\" srcset=\"https:\/\/csklublin.pl\/wp-content\/uploads\/2023\/04\/0025_Wystawa-_Weclawski-_Tomalski-_Grafika-Galeria-SPODKI-Bialystok-2017-1024x436.jpg 1024w, https:\/\/csklublin.pl\/wp-content\/uploads\/2023\/04\/0025_Wystawa-_Weclawski-_Tomalski-_Grafika-Galeria-SPODKI-Bialystok-2017-300x128.jpg 300w, https:\/\/csklublin.pl\/wp-content\/uploads\/2023\/04\/0025_Wystawa-_Weclawski-_Tomalski-_Grafika-Galeria-SPODKI-Bialystok-2017-768x327.jpg 768w, https:\/\/csklublin.pl\/wp-content\/uploads\/2023\/04\/0025_Wystawa-_Weclawski-_Tomalski-_Grafika-Galeria-SPODKI-Bialystok-2017-1536x655.jpg 1536w, https:\/\/csklublin.pl\/wp-content\/uploads\/2023\/04\/0025_Wystawa-_Weclawski-_Tomalski-_Grafika-Galeria-SPODKI-Bialystok-2017-2048x873.jpg 2048w\" sizes=\"auto, (max-width: 1024px) 100vw, 1024px\" \/><\/figure>\n\n\n\n<p>Wystawa&nbsp;<em>W\u0119c\u0142awski-Tomalski-Grafika<\/em>, Galeria SPODKI, Bia\u0142ystok 2017 r.<\/p>\n<\/div>\n<\/div>\n\n\n\n<div style=\"height:20px\" aria-hidden=\"true\" class=\"wp-block-spacer\"><\/div>\n\n\n\n<div class=\"wp-block-columns is-layout-flex wp-container-core-columns-is-layout-9d6595d7 wp-block-columns-is-layout-flex\">\n<div class=\"wp-block-column is-layout-flow wp-block-column-is-layout-flow\">\n<figure class=\"wp-block-image size-large\"><img loading=\"lazy\" decoding=\"async\" width=\"1024\" height=\"682\" src=\"https:\/\/csklublin.pl\/wp-content\/uploads\/2023\/04\/0026_Wystawa_Andrzej-Weclawski_The-Note_Zapis_Miedzynarodowe-Centrum-Sztuk-Graficznych_Krakow_2019-1024x682.jpg\" alt=\"galeria\" class=\"wp-image-1909\" srcset=\"https:\/\/csklublin.pl\/wp-content\/uploads\/2023\/04\/0026_Wystawa_Andrzej-Weclawski_The-Note_Zapis_Miedzynarodowe-Centrum-Sztuk-Graficznych_Krakow_2019-1024x682.jpg 1024w, https:\/\/csklublin.pl\/wp-content\/uploads\/2023\/04\/0026_Wystawa_Andrzej-Weclawski_The-Note_Zapis_Miedzynarodowe-Centrum-Sztuk-Graficznych_Krakow_2019-300x200.jpg 300w, https:\/\/csklublin.pl\/wp-content\/uploads\/2023\/04\/0026_Wystawa_Andrzej-Weclawski_The-Note_Zapis_Miedzynarodowe-Centrum-Sztuk-Graficznych_Krakow_2019-768x512.jpg 768w, https:\/\/csklublin.pl\/wp-content\/uploads\/2023\/04\/0026_Wystawa_Andrzej-Weclawski_The-Note_Zapis_Miedzynarodowe-Centrum-Sztuk-Graficznych_Krakow_2019-1536x1023.jpg 1536w, https:\/\/csklublin.pl\/wp-content\/uploads\/2023\/04\/0026_Wystawa_Andrzej-Weclawski_The-Note_Zapis_Miedzynarodowe-Centrum-Sztuk-Graficznych_Krakow_2019.jpg 1732w\" sizes=\"auto, (max-width: 1024px) 100vw, 1024px\" \/><\/figure>\n\n\n\n<p>Wystawa&nbsp;<em>Andrzej W\u0119c\u0142awski The Note Zapis<\/em>, Mi\u0119dzynarodowe Centrum Sztuk Graficznych, Krak\u00f3w 2019 r.<\/p>\n<\/div>\n\n\n\n<div class=\"wp-block-column is-layout-flow wp-block-column-is-layout-flow\">\n<figure class=\"wp-block-image size-large\"><img loading=\"lazy\" decoding=\"async\" width=\"1024\" height=\"682\" src=\"https:\/\/csklublin.pl\/wp-content\/uploads\/2023\/04\/026a_Wystawa_Andrzej-Weclawski_The-Note_Zapis_Miedzynarodowe-Centrum-Sztuk-Graficznych_Krakow_2019-1024x682.jpg\" alt=\"galeria\" class=\"wp-image-1911\" srcset=\"https:\/\/csklublin.pl\/wp-content\/uploads\/2023\/04\/026a_Wystawa_Andrzej-Weclawski_The-Note_Zapis_Miedzynarodowe-Centrum-Sztuk-Graficznych_Krakow_2019-1024x682.jpg 1024w, https:\/\/csklublin.pl\/wp-content\/uploads\/2023\/04\/026a_Wystawa_Andrzej-Weclawski_The-Note_Zapis_Miedzynarodowe-Centrum-Sztuk-Graficznych_Krakow_2019-300x200.jpg 300w, https:\/\/csklublin.pl\/wp-content\/uploads\/2023\/04\/026a_Wystawa_Andrzej-Weclawski_The-Note_Zapis_Miedzynarodowe-Centrum-Sztuk-Graficznych_Krakow_2019-768x512.jpg 768w, https:\/\/csklublin.pl\/wp-content\/uploads\/2023\/04\/026a_Wystawa_Andrzej-Weclawski_The-Note_Zapis_Miedzynarodowe-Centrum-Sztuk-Graficznych_Krakow_2019-1536x1023.jpg 1536w, https:\/\/csklublin.pl\/wp-content\/uploads\/2023\/04\/026a_Wystawa_Andrzej-Weclawski_The-Note_Zapis_Miedzynarodowe-Centrum-Sztuk-Graficznych_Krakow_2019.jpg 1732w\" sizes=\"auto, (max-width: 1024px) 100vw, 1024px\" \/><\/figure>\n\n\n\n<p>Wystawa&nbsp;<em>Andrzej W\u0119c\u0142awski The Note Zapis<\/em>, Mi\u0119dzynarodowe Centrum Sztuk Graficznych, Krak\u00f3w 2019 r.<\/p>\n<\/div>\n<\/div>\n\n\n\n<div style=\"height:20px\" aria-hidden=\"true\" class=\"wp-block-spacer\"><\/div>\n\n\n\n<div class=\"wp-block-columns is-layout-flex wp-container-core-columns-is-layout-9d6595d7 wp-block-columns-is-layout-flex\">\n<div class=\"wp-block-column is-layout-flow wp-block-column-is-layout-flow\">\n<figure class=\"wp-block-image size-large\"><img loading=\"lazy\" decoding=\"async\" width=\"1024\" height=\"681\" src=\"https:\/\/csklublin.pl\/wp-content\/uploads\/2023\/04\/0027_Wystawa-_Andrzej-Weclawski-_-Iluzje-i-znaczenia_Panstwowa-Galeria-Sztuki_Sopot-2012-1024x681.jpg\" alt=\"galeria\" class=\"wp-image-1913\" srcset=\"https:\/\/csklublin.pl\/wp-content\/uploads\/2023\/04\/0027_Wystawa-_Andrzej-Weclawski-_-Iluzje-i-znaczenia_Panstwowa-Galeria-Sztuki_Sopot-2012-1024x681.jpg 1024w, https:\/\/csklublin.pl\/wp-content\/uploads\/2023\/04\/0027_Wystawa-_Andrzej-Weclawski-_-Iluzje-i-znaczenia_Panstwowa-Galeria-Sztuki_Sopot-2012-300x200.jpg 300w, https:\/\/csklublin.pl\/wp-content\/uploads\/2023\/04\/0027_Wystawa-_Andrzej-Weclawski-_-Iluzje-i-znaczenia_Panstwowa-Galeria-Sztuki_Sopot-2012-768x511.jpg 768w, https:\/\/csklublin.pl\/wp-content\/uploads\/2023\/04\/0027_Wystawa-_Andrzej-Weclawski-_-Iluzje-i-znaczenia_Panstwowa-Galeria-Sztuki_Sopot-2012-1536x1022.jpg 1536w, https:\/\/csklublin.pl\/wp-content\/uploads\/2023\/04\/0027_Wystawa-_Andrzej-Weclawski-_-Iluzje-i-znaczenia_Panstwowa-Galeria-Sztuki_Sopot-2012.jpg 1733w\" sizes=\"auto, (max-width: 1024px) 100vw, 1024px\" \/><\/figure>\n\n\n\n<p>Wystawa&nbsp;<em>Andrzej W\u0119c\u0142awski Iluzje i znaczenia<\/em>, Pa\u0144stwowa Galeria Sztuki, Sopot 2012 r.<\/p>\n<\/div>\n\n\n\n<div class=\"wp-block-column is-layout-flow wp-block-column-is-layout-flow\">\n<figure class=\"wp-block-image size-full\"><img loading=\"lazy\" decoding=\"async\" width=\"800\" height=\"533\" src=\"https:\/\/csklublin.pl\/wp-content\/uploads\/2023\/04\/0028_Wystawa-_Andrzej-Weclawski-_-Iluzje-i-znaczenia_Panstwowa-Galeria-Sztuki_Sopot-2012.jpg\" alt=\"galeria\" class=\"wp-image-1915\" srcset=\"https:\/\/csklublin.pl\/wp-content\/uploads\/2023\/04\/0028_Wystawa-_Andrzej-Weclawski-_-Iluzje-i-znaczenia_Panstwowa-Galeria-Sztuki_Sopot-2012.jpg 800w, https:\/\/csklublin.pl\/wp-content\/uploads\/2023\/04\/0028_Wystawa-_Andrzej-Weclawski-_-Iluzje-i-znaczenia_Panstwowa-Galeria-Sztuki_Sopot-2012-300x200.jpg 300w, https:\/\/csklublin.pl\/wp-content\/uploads\/2023\/04\/0028_Wystawa-_Andrzej-Weclawski-_-Iluzje-i-znaczenia_Panstwowa-Galeria-Sztuki_Sopot-2012-768x512.jpg 768w\" sizes=\"auto, (max-width: 800px) 100vw, 800px\" \/><\/figure>\n\n\n\n<p>Wystawa&nbsp;<em>Andrzej W\u0119c\u0142awski Iluzje i znaczenia<\/em>, Pa\u0144stwowa Galeria Sztuki, Sopot 2012 r.<\/p>\n<\/div>\n<\/div>\n\n\n\n<div style=\"height:20px\" aria-hidden=\"true\" class=\"wp-block-spacer\"><\/div>\n\n\n\n<div class=\"wp-block-columns is-layout-flex wp-container-core-columns-is-layout-9d6595d7 wp-block-columns-is-layout-flex\">\n<div class=\"wp-block-column is-layout-flow wp-block-column-is-layout-flow\">\n<figure class=\"wp-block-image size-large\"><img loading=\"lazy\" decoding=\"async\" width=\"1024\" height=\"681\" src=\"https:\/\/csklublin.pl\/wp-content\/uploads\/2023\/04\/0029__Wystawa-_Andrzej-Weclawski-_-Iluzje-i-znaczenia_Panstwowa-Galeria-Sztuki_Sopot-2012-1024x681.jpg\" alt=\"galeria\" class=\"wp-image-1917\" srcset=\"https:\/\/csklublin.pl\/wp-content\/uploads\/2023\/04\/0029__Wystawa-_Andrzej-Weclawski-_-Iluzje-i-znaczenia_Panstwowa-Galeria-Sztuki_Sopot-2012-1024x681.jpg 1024w, https:\/\/csklublin.pl\/wp-content\/uploads\/2023\/04\/0029__Wystawa-_Andrzej-Weclawski-_-Iluzje-i-znaczenia_Panstwowa-Galeria-Sztuki_Sopot-2012-300x200.jpg 300w, https:\/\/csklublin.pl\/wp-content\/uploads\/2023\/04\/0029__Wystawa-_Andrzej-Weclawski-_-Iluzje-i-znaczenia_Panstwowa-Galeria-Sztuki_Sopot-2012-768x511.jpg 768w, https:\/\/csklublin.pl\/wp-content\/uploads\/2023\/04\/0029__Wystawa-_Andrzej-Weclawski-_-Iluzje-i-znaczenia_Panstwowa-Galeria-Sztuki_Sopot-2012-1536x1022.jpg 1536w, https:\/\/csklublin.pl\/wp-content\/uploads\/2023\/04\/0029__Wystawa-_Andrzej-Weclawski-_-Iluzje-i-znaczenia_Panstwowa-Galeria-Sztuki_Sopot-2012-2048x1363.jpg 2048w\" sizes=\"auto, (max-width: 1024px) 100vw, 1024px\" \/><\/figure>\n\n\n\n<p>Wystawa&nbsp;<em>Andrzej W\u0119c\u0142awski Iluzje i znaczenia<\/em>, Pa\u0144stwowa Galeria Sztuki, Sopot 2012 r.<\/p>\n<\/div>\n\n\n\n<div class=\"wp-block-column is-layout-flow wp-block-column-is-layout-flow\">\n<figure class=\"wp-block-image size-large\"><img loading=\"lazy\" decoding=\"async\" width=\"1024\" height=\"681\" src=\"https:\/\/csklublin.pl\/wp-content\/uploads\/2023\/04\/0029a_Wystawa-_Andrzej-Weclawski-_-Iluzje-i-znaczenia_Panstwowa-Galeria-Sztuki_Sopot-2012-1024x681.jpg\" alt=\"galeria\" class=\"wp-image-1919\" srcset=\"https:\/\/csklublin.pl\/wp-content\/uploads\/2023\/04\/0029a_Wystawa-_Andrzej-Weclawski-_-Iluzje-i-znaczenia_Panstwowa-Galeria-Sztuki_Sopot-2012-1024x681.jpg 1024w, https:\/\/csklublin.pl\/wp-content\/uploads\/2023\/04\/0029a_Wystawa-_Andrzej-Weclawski-_-Iluzje-i-znaczenia_Panstwowa-Galeria-Sztuki_Sopot-2012-300x200.jpg 300w, https:\/\/csklublin.pl\/wp-content\/uploads\/2023\/04\/0029a_Wystawa-_Andrzej-Weclawski-_-Iluzje-i-znaczenia_Panstwowa-Galeria-Sztuki_Sopot-2012-768x511.jpg 768w, https:\/\/csklublin.pl\/wp-content\/uploads\/2023\/04\/0029a_Wystawa-_Andrzej-Weclawski-_-Iluzje-i-znaczenia_Panstwowa-Galeria-Sztuki_Sopot-2012-1536x1022.jpg 1536w, https:\/\/csklublin.pl\/wp-content\/uploads\/2023\/04\/0029a_Wystawa-_Andrzej-Weclawski-_-Iluzje-i-znaczenia_Panstwowa-Galeria-Sztuki_Sopot-2012-2048x1363.jpg 2048w\" sizes=\"auto, (max-width: 1024px) 100vw, 1024px\" \/><\/figure>\n\n\n\n<p>Wystawa&nbsp;<em>Andrzej W\u0119c\u0142awski Iluzje i znaczenia<\/em>, Pa\u0144stwowa Galeria Sztuki, Sopot 2012 r.<\/p>\n<\/div>\n<\/div>\n\n\n\n<div style=\"height:20px\" aria-hidden=\"true\" class=\"wp-block-spacer\"><\/div>\n\n\n\n<div class=\"wp-block-columns is-layout-flex wp-container-core-columns-is-layout-9d6595d7 wp-block-columns-is-layout-flex\">\n<div class=\"wp-block-column is-layout-flow wp-block-column-is-layout-flow\">\n<figure class=\"wp-block-image size-large\"><img loading=\"lazy\" decoding=\"async\" width=\"1024\" height=\"867\" src=\"https:\/\/csklublin.pl\/wp-content\/uploads\/2023\/04\/0030_Wystawa_Bieguny-w-Kregach-Sztuki_Duety_Andrzej-Weclawski_Grzegorz-Handerek_-Muzeum-Slaskie-w-Katowicach-2014-1024x867.jpg\" alt=\"galeria\" class=\"wp-image-1921\" srcset=\"https:\/\/csklublin.pl\/wp-content\/uploads\/2023\/04\/0030_Wystawa_Bieguny-w-Kregach-Sztuki_Duety_Andrzej-Weclawski_Grzegorz-Handerek_-Muzeum-Slaskie-w-Katowicach-2014-1024x867.jpg 1024w, https:\/\/csklublin.pl\/wp-content\/uploads\/2023\/04\/0030_Wystawa_Bieguny-w-Kregach-Sztuki_Duety_Andrzej-Weclawski_Grzegorz-Handerek_-Muzeum-Slaskie-w-Katowicach-2014-300x254.jpg 300w, https:\/\/csklublin.pl\/wp-content\/uploads\/2023\/04\/0030_Wystawa_Bieguny-w-Kregach-Sztuki_Duety_Andrzej-Weclawski_Grzegorz-Handerek_-Muzeum-Slaskie-w-Katowicach-2014-768x650.jpg 768w, https:\/\/csklublin.pl\/wp-content\/uploads\/2023\/04\/0030_Wystawa_Bieguny-w-Kregach-Sztuki_Duety_Andrzej-Weclawski_Grzegorz-Handerek_-Muzeum-Slaskie-w-Katowicach-2014-1536x1300.jpg 1536w, https:\/\/csklublin.pl\/wp-content\/uploads\/2023\/04\/0030_Wystawa_Bieguny-w-Kregach-Sztuki_Duety_Andrzej-Weclawski_Grzegorz-Handerek_-Muzeum-Slaskie-w-Katowicach-2014-2048x1733.jpg 2048w, https:\/\/csklublin.pl\/wp-content\/uploads\/2023\/04\/0030_Wystawa_Bieguny-w-Kregach-Sztuki_Duety_Andrzej-Weclawski_Grzegorz-Handerek_-Muzeum-Slaskie-w-Katowicach-2014-376x318.jpg 376w\" sizes=\"auto, (max-width: 1024px) 100vw, 1024px\" \/><\/figure>\n\n\n\n<p>Wystawa&nbsp;<em>Bieguny w Kr\u0119gach Sztuki Duety Andrzej W\u0119c\u0142awski Grzegorz Ha\u0144derek<\/em>,<\/p>\n\n\n\n<p>Muzeum \u015al\u0105skie w Katowicach 2014 r.<\/p>\n<\/div>\n\n\n\n<div class=\"wp-block-column is-layout-flow wp-block-column-is-layout-flow\">\n<figure class=\"wp-block-image size-large\"><img loading=\"lazy\" decoding=\"async\" width=\"1024\" height=\"768\" src=\"https:\/\/csklublin.pl\/wp-content\/uploads\/2023\/04\/0032_Andrzej-Weclawski_portret_katalog-1024x768.jpg\" alt=\"Andrzej W\u0119c\u0142awski\" class=\"wp-image-1854\" srcset=\"https:\/\/csklublin.pl\/wp-content\/uploads\/2023\/04\/0032_Andrzej-Weclawski_portret_katalog-1024x768.jpg 1024w, https:\/\/csklublin.pl\/wp-content\/uploads\/2023\/04\/0032_Andrzej-Weclawski_portret_katalog-300x225.jpg 300w, https:\/\/csklublin.pl\/wp-content\/uploads\/2023\/04\/0032_Andrzej-Weclawski_portret_katalog-768x576.jpg 768w, https:\/\/csklublin.pl\/wp-content\/uploads\/2023\/04\/0032_Andrzej-Weclawski_portret_katalog-1536x1152.jpg 1536w, https:\/\/csklublin.pl\/wp-content\/uploads\/2023\/04\/0032_Andrzej-Weclawski_portret_katalog-2048x1536.jpg 2048w\" sizes=\"auto, (max-width: 1024px) 100vw, 1024px\" \/><\/figure>\n\n\n\n<p><em>Andrzej W\u0119c\u0142awski portret katalog<\/em><\/p>\n<\/div>\n<\/div>\n\n\n\n<hr class=\"wp-block-separator has-alpha-channel-opacity\"\/>\n\n\n\n<div style=\"height:20px\" aria-hidden=\"true\" class=\"wp-block-spacer\"><\/div>\n\n\n\n<p><strong>Andrzej W\u0119c\u0142awski, profesor zwyczajny w ASP&nbsp; w Warszawie, zwi\u0105zany jest z t\u0105 uczelni\u0105 od 1986 roku. W latach 2002\u20122008 dziekan Wydzia\u0142u Grafiki. Obecnie prowadzi dyplomuj\u0105c\u0105 Pracowni\u0119 Grafiki Koncepcyjnej i Intermedialnej. Kurator wystaw grafiki polskiej i konferencji po\u015bwi\u0119conych grafice.<\/strong><\/p>\n\n\n\n<p>Cz\u0142onek jury wielu konkurs\u00f3w krajowych i&nbsp;mi\u0119dzynarodowych, kurator wystaw grafiki polskiej i konferencji po\u015bwi\u0119conych grafice. Uprawia grafik\u0119, malarstwo i rysunek. W pracach graficznych \u0142\u0105czy tradycyjny warsztat z elementami druku cyfrowego i unikatowymi metodami tworzenia odbitki graficznej.<\/p>\n\n\n\n<p>Otrzyma\u0142 liczne nagrody i wyr\u00f3\u017cnienia<strong>:<\/strong>&nbsp;2007 \u2013&nbsp; Grand Prix w konkursie o nagrod\u0119 Fundacji G\u00fcntera Grassa im. Daniela Chodowieckiego,&nbsp; 2007 \u2013 nagrod\u0119 na 13 Mi\u0119dzynarodowym Biennale Grafiki Nouvelles Images w Sarcelles, Francja (Grand Prix de la Ville de Sarcelles), 2009 \u2012 Grand Prix na IV Mi\u0119dzynarodowym Konkursie Rysunku, Wroc\u0142aw, 2007 &#8211; nagrod\u0119 \u201ePegaza\u201d: nagrod\u0119 artystyczn\u0105 Akademii Sztuk Pi\u0119knych w Warszawie, 2011 \u2012 medal Gloria Artis, 2018 \u2013 nagrod\u0119 specjaln\u0105 Jury na VI Mi\u0119dzynarodowym Konkursie Rysunku im. M.E. Andriollego, Na\u0142\u0119cz\u00f3w 2018.<\/p>\n\n\n\n<p>Wa\u017cniejsze&nbsp; wystawy&nbsp; indywidualne: 2000 \u2013&nbsp;<em>Koniec i pocz\u0105tek<\/em>, Galeria Studio, Warszawa; 2001&nbsp;<em>Andrzej W\u0119c\u0142awski<\/em>&nbsp;<em>GRAFIK<\/em>&nbsp;\u2013 Galleria Studio Hornan, Falun, Szwecja; 2004&nbsp;<em>Archiwum rzeczy pierwszych<\/em>, Galeria \u201eLufcik\u201d DAP, Warszawa; 2009 \u2012&nbsp;&nbsp;<em>Alfabet znak\u00f3w<\/em>, Muzeum Lubelskie&nbsp; w Lublinie, 2012 \u2012&nbsp;<em>Iluzje i znaczenia<\/em>, Pa\u0144stwowa Galeria Sztuki, Sopot; 2016 \u2012&nbsp;<em>Iluminacje znak\u00f3w\/Przemiany<\/em>&nbsp;Galeria Wertykalna, ASP w Katowicach; 2017 \u2012&nbsp;<em>W\u0119c\u0142awski\u2013Tomalski. Grafika<\/em>, Galeria SPODKI, Bia\u0142ystok; 2019 \u2012&nbsp;<em>Zapis<\/em>, Mi\u0119dzynarodowe Centrum Sztuk Graficznych w Krakowie. Triennale Grafiki Polskiej, Galeria BWA, Muzeum \u015al\u0105skie w Katowicach 1991, 1994, 2015, 2018,; Mi\u0119dzynarodowe Triennale Grafiki w Krakowie, Bunkier Sztuki, Krak\u00f3w 1997, 2003, 2009, 2012, 2018; Mi\u0119dzynarodowe Triennale Sztuki Majdanek, Lublin 1997, 2000, 2004; Mi\u0119dzynarodowe Triennale Grafiki&nbsp;<em>Kolor w grafice<\/em>, Galeria Sztuki \u201eWozownia\u201d, Toru\u0144 2003, 2012, 2015; Mi\u0119dzynarodowe Biennale Grafiki, Sarcelles, Francja 2003, 2005, 2007; Mi\u0119dzynarodowe Triennale Sztuk Graficznych IMPRINT, Warszawa 2008, 2011, 2014, 2017.<\/p>\n\n\n\n<figure class=\"wp-block-image size-full\"><img loading=\"lazy\" decoding=\"async\" width=\"800\" height=\"100\" src=\"https:\/\/csklublin.pl\/wp-content\/uploads\/2023\/04\/belka_mecenasi.png\" alt=\"sponsorzy\" class=\"wp-image-1632\" srcset=\"https:\/\/csklublin.pl\/wp-content\/uploads\/2023\/04\/belka_mecenasi.png 800w, https:\/\/csklublin.pl\/wp-content\/uploads\/2023\/04\/belka_mecenasi-300x38.png 300w, https:\/\/csklublin.pl\/wp-content\/uploads\/2023\/04\/belka_mecenasi-768x96.png 768w\" sizes=\"auto, (max-width: 800px) 100vw, 800px\" \/><\/figure>\n","protected":false},"excerpt":{"rendered":"<p>4 Wiadomo\u015b\u0107 IV&nbsp;z cyklu&nbsp;Alfabet znak\u00f3w, akwaforta, akwatinta, druk cyfrowy, szablon, 115-80 cm, 2011 r. 3 Wiadomo\u015b\u0107 III&nbsp;z cyklu&nbsp;Alfabet znak\u00f3w, akwaforta, akwatinta, druk cyfrowy, szablon, 115-78,5 cm, 2011 r. Z cyklu&nbsp;Alfabet znak\u00f3w,&nbsp;akwaforta &#8211; akwatinta, druk cyfrowy Alfabet znak\u00f3w 3, rysunek, druk cyfrowy, akwaforta, akwatinta, szablon, 117&#215;77 cm, 2010 r. Z cyklu&nbsp;Alfabet znak\u00f3w, akwaforta, akwatinta, druk cyfrowy [&hellip;]<\/p>\n","protected":false},"featured_media":0,"template":"","format":"standard","meta":{"_acf_changed":false,"inline_featured_image":false,"footnotes":""},"class_list":["post-1850","spotkania_z_artystam","type-spotkania_z_artystam","status-publish","format-standard","hentry"],"acf":[],"_links":{"self":[{"href":"https:\/\/csklublin.pl\/en\/wp-json\/wp\/v2\/spotkania_z_artystam\/1850","targetHints":{"allow":["GET"]}}],"collection":[{"href":"https:\/\/csklublin.pl\/en\/wp-json\/wp\/v2\/spotkania_z_artystam"}],"about":[{"href":"https:\/\/csklublin.pl\/en\/wp-json\/wp\/v2\/types\/spotkania_z_artystam"}],"version-history":[{"count":14,"href":"https:\/\/csklublin.pl\/en\/wp-json\/wp\/v2\/spotkania_z_artystam\/1850\/revisions"}],"predecessor-version":[{"id":5122,"href":"https:\/\/csklublin.pl\/en\/wp-json\/wp\/v2\/spotkania_z_artystam\/1850\/revisions\/5122"}],"wp:attachment":[{"href":"https:\/\/csklublin.pl\/en\/wp-json\/wp\/v2\/media?parent=1850"}],"curies":[{"name":"wp","href":"https:\/\/api.w.org\/{rel}","templated":true}]}}