{"id":22068,"date":"2025-04-09T12:36:02","date_gmt":"2025-04-09T10:36:02","guid":{"rendered":"https:\/\/csklublin.pl\/?post_type=wydarzenia&#038;p=22068"},"modified":"2025-04-09T12:48:45","modified_gmt":"2025-04-09T10:48:45","slug":"na-scenieza-scena-cykl-monodramatow-w-centrum-spotkania-kultur-w-lublinie","status":"publish","type":"wydarzenia","link":"https:\/\/csklublin.pl\/en\/wydarzenia\/na-scenieza-scena-cykl-monodramatow-w-centrum-spotkania-kultur-w-lublinie\/","title":{"rendered":"\u201eNa Scenie\u2026za Scen\u0105\u2026\u201d | cykl monodramat\u00f3w w Centrum Spotkania Kultur w\u00a0Lublinie"},"content":{"rendered":"\n<p>Serdecznie zapraszamy na cykl monodramat\u00f3w \u201eNa Scenie\u2026za Scen\u0105\u2026\u201d, kt\u00f3re zaprezentujemy w wyj\u0105tkowym miejscu Centrum Spotkania Kultur. Spektakle odb\u0119d\u0105 si\u0119 w Sali Operowej CSK, ale publiczno\u015b\u0107 tym razem zasi\u0105dzie w specjalnie przygotowanych miejscach na deskach sceny. Przestrze\u0144 ta pozwoli na odpowiedni\u0105 doz\u0119 intymno\u015bci i bli\u017cszy kontakt z artyst\u0105, co bez w\u0105tpienia przyczyni si\u0119 do zupe\u0142nie innej percepcji prezentowanych dzie\u0142.<\/p>\n\n\n\n<p>Za motto naszego cyklu obrali\u015bmy fragment utworu Jacka Kaczmarskiego \u201eZe Sceny\u201d, w kt\u00f3rym poeta ukazuje samotno\u015b\u0107 artysty: \u201eWy w ciemno\u015bciach \u2013 reflektory chroni\u0105 was \u2013 O\u015bwietlaj\u0105c tylko scen\u0119, na niej mnie!\u201d.<\/p>\n\n\n\n<p>CSK | tu si\u0119 dz!eje<\/p>\n\n\n\n<p>Pierwsze monodramy:<\/p>\n\n\n\n<ul class=\"wp-block-list\">\n<li>23 KWI 2025 | 19:00 | Scena Sali Operowej CSK | Anna Seniuk \u201eKsi\u0119ga Zi\u00f3\u0142 (i nie tylko\u2026)\u201d<\/li>\n\n\n\n<li>24 KWI 2025 | 19:00 | Scena Sali Operowej CSK | Micha\u0142 Piela \u201eNied\u017awied\u017a Wojtek\u201d<\/li>\n<\/ul>\n\n\n\n<p>Bilety | Kasa CSK oraz <a href=\"https:\/\/bilety.csklublin.pl|\">bilety.csklublin.pl|<\/a> \/ normalny \u2013 70 z\u0142<\/p>\n\n\n\n<p><strong>Anna Seniuk \u2013 Ksi\u0119ga zi\u00f3\u0142 (i nie tylko\u2026) | Spektakl z cyklu \u201eNa scenie\u2026Za scen\u0105\u2026\u201d<\/strong><\/p>\n\n\n\n<p>Wybitna aktorka w bardzo osobisty, bezpo\u015bredni i pe\u0142en humoru spos\u00f3b pochyla si\u0119 nad swoim \u017cyciem. Anna Seniuk zainspirowana \u201eKsi\u0119g\u0105 zi\u00f3\u0142\u201d S\u00e1ndora M\u00e1raiego i z wykorzystaniem tw\u00f3rczo\u015bci najwybitniejszych polskich poetek i poet\u00f3w snuje wr\u0119cz autobiograficzn\u0105 opowie\u015b\u0107, w kt\u00f3rej akcentuje dominuj\u0105ce warto\u015bci, a&nbsp;w\u015br\u00f3d nich mi\u0142o\u015b\u0107, zdrowie, spok\u00f3j, dobre \u017cycie i\u2026oczywi\u015bcie teatr. Zapraszamy na znakomity monodram autorstwa i w wykonaniu Anny Seniuk.<\/p>\n\n\n\n<p>Spektakl powsta\u0142 z inicjatywy Anny Seniuk i jest w pe\u0142ni autorsk\u0105 wypowiedzi\u0105 sceniczn\u0105 swoist\u0105 wiwisekcj\u0105 w\u0142asnej drogi artystycznej i do\u015bwiadcze\u0144 \u017cyciowych.<\/p>\n\n\n\n<p>Aktorka zabiera publiczno\u015b\u0107 w teatraln\u0105 i poetyck\u0105 podr\u00f3\u017c, prowadz\u0105c j\u0105 z&nbsp;w\u0142a\u015bciw\u0105 sobie inteligencj\u0105, dowcipem i wdzi\u0119kiem. W spektaklu, obok fragment\u00f3w z Ksi\u0119gi zi\u00f3\u0142 S\u00e1ndora M\u00e1raiego, pojawiaj\u0105 si\u0119 wiersze Zbigniewa Herberta, Ma\u0142gorzaty Illar, LLudmi\u0142y Marja\u0144skiej, Tadeusza R\u00f3\u017cewicza, Wis\u0142awy Szymborskiej, Anny Wirszczy\u0144skiej i ks. Jana Twardowskiego, kt\u00f3re dope\u0142niaj\u0105 tematycznie w\u0105tki poruszane przez wykonawczyni\u0119. Mi\u0142o\u015b\u0107, zdrowie, spok\u00f3j, teatr, dobre \u017cycie \u2013 gdzie szuka\u0107 odpowiedzi na tak wa\u017ckie tematy?<\/p>\n\n\n\n<p><strong>Anna Seniuk<\/strong> aktorka filmowa, teatralna i telewizyjna. Na co dzie\u0144 zwi\u0105zana z&nbsp;Teatrem Narodowym w Warszawie. Profesorka Akademii Teatralnej w&nbsp;Warszawie. Wsp\u00f3\u0142pracowa\u0142a z Kazimierzem Dejmkiem i Jerzym Jarockim. Uhonorowana m.in.: tytu\u0142em Mistrz Mowy Polskiej, Nagrod\u0105 Ministra Kultury i&nbsp;Dziedzictwa Narodowego, Nagrod\u0105 im. Ireny Solskiej za wybitne osi\u0105gni\u0119cia aktorskie. Odznaczona zosta\u0142a Z\u0142otym Krzy\u017cem Zas\u0142ugi, Krzy\u017cem Kawalerskim Orderu Odrodzenia Polski, Krzy\u017cem Oficerskim Orderu Odrodzenia Polski, Krzy\u017cem Komandorskim Orderu Odrodzenia Polski oraz Z\u0142otym Medalem Zas\u0142u\u017cony Kulturze \u201eGloria Artis\u201d.<strong><\/strong><\/p>\n\n\n\n<ul class=\"wp-block-list\">\n<li>Scenariusz, re\u017cyseria, wykonanie: Anna Seniuk<\/li>\n\n\n\n<li>T\u0142umaczenie prozy S\u00e1ndora M\u00e1raiego: Feliks Netz (Wydawnictwo Czytelnik, 2003)<\/li>\n<\/ul>\n\n\n\n<p>\u201eKsi\u0119ga zi\u00f3\u0142 (i nie tylko\u2026)\u201d \u2013 Anna Seniuk monodram | Cykl spektakli \u201eNa scenie\u2026Za scen\u0105\u2026\u201d<\/p>\n\n\n\n<p>23 KWI 2025 | 19:00 | Scena Sali Operowej CSK<\/p>\n\n\n\n<p>Bilety | Kasa CSK oraz <a href=\"https:\/\/bilety.csklublin.pl|\">bilety.csklublin.pl|<\/a> \/ normalny \u2013 70 z\u0142<\/p>\n\n\n\n<p><strong>Micha\u0142 Piela &#8211; \u201eNied\u017awied\u017a Wojtek\u201d | Spektakl z cyklu \u201eNa scenie\u2026Za scen\u0105\u2026\u201d<\/strong><\/p>\n\n\n\n<p>\u201eNied\u017awied\u017a&nbsp;Wojtek\u201d Tadeusza S\u0142obodzianka opowiada autentyczn\u0105 histori\u0119 o s\u0142ynnym, perskim nied\u017awiedziu, kt\u00f3ry zosta\u0142 przygarni\u0119ty przez polskich \u017co\u0142nierzy w tworz\u0105cej si\u0119 armii Andersa podczas II wojny \u015bwiatowej i kt\u00f3ry \u201ewzi\u0105\u0142 udzia\u0142\u201d w bitwie pod Monte Cassino.<\/p>\n\n\n\n<p>Narratorem opowie\u015bci jest sam&nbsp;nied\u017awied\u017a&nbsp;Wojtek&nbsp;i z jego perspektywy poznajemy dzieje Drugiego Polskiego Korpusu, od powstania w Iraku, przez realia bitwy pod Monte Cassino, po rozwi\u0105zanie w Szkocji po wojnie, a tak\u017ce wojskow\u0105 codzienno\u015b\u0107 oraz poszczeg\u00f3lnych \u017co\u0142nierzy o przer\u00f3\u017cnych korzeniach, osobowo\u015bciach i \u017cyciorysach, do kt\u00f3rych&nbsp;nied\u017awied\u017a&nbsp;si\u0119 przywi\u0105za\u0142.&nbsp;<\/p>\n\n\n\n<p>Nied\u017awied\u017a&nbsp;jest dla nich maskotk\u0105, z kt\u00f3r\u0105 si\u0119 bawi\u0105 i o kt\u00f3r\u0105 si\u0119 troszcz\u0105, ale te\u017c kim\u015b, komu mog\u0105 si\u0119 zwierzy\u0107 ze swoich rozterek, marze\u0144 i traum.<\/p>\n\n\n\n<p>Wydaje si\u0119, jakby&nbsp;nied\u017awied\u017a&nbsp;Wojtek&nbsp;sta\u0142 si\u0119 no\u015bnikiem zapisu ludzkich i&nbsp;historycznych dziej\u00f3w, kt\u00f3re nam, ludziom wsp\u00f3\u0142czesnym, ods\u0142ania. Jest jakby weteranem wojennym, kt\u00f3ry wspomina czasy swojej s\u0142u\u017cby i trudno mu odnale\u017a\u0107 si\u0119 w pozawojskowej rzeczywisto\u015bci.<\/p>\n\n\n\n<p>Jest to opowie\u015b\u0107 pe\u0142na humoru i wzruszenia, o braterstwie i odwadze, ale te\u017c ironii i tragizmie ludzkiego (i zwierz\u0119cego) losu.&nbsp; &nbsp;<\/p>\n\n\n\n<ul class=\"wp-block-list\">\n<li>Autor: Tadeusz S\u0142obodzianek<\/li>\n<\/ul>\n\n\n\n<p>Dramatopisarz, dramaturg, krytyk teatralny, re\u017cyser, producent, w latach 2012-2022 dyrektor naczelny i artystyczny Teatru Dramatycznego&nbsp;m.st. Warszawy, tw\u00f3rca i dyrektor artystyczny projektu edukacyjnego Laboratorium Dramatu oraz Szko\u0142y Dramatu.&nbsp;<\/p>\n\n\n\n<p>Autor dramatu \u201eNasza klasa\u201d, kt\u00f3ra jest najcz\u0119\u015bciej gran\u0105 zagranic\u0105 sztuk\u0105 polskiego autora. Spektakl by\u0142 wystawiany m.in. w Oslo, Nowym Jorku, Pary\u017cu, Atenach, Budapeszcie, Seulu, Tel Awiwie, Londynie, Tokio, San Paulo. Tekst zosta\u0142 nagrodzony Nagrod\u0105 Literack\u0105 Nike 2010.&nbsp;Napisa\u0142 tak\u017ce m.in. \u201eHistoria Jakuba\u201d, \u201eM\u0142ody Stalin\u201d, \u201eSztuka intonacji\u201d.<\/p>\n\n\n\n<ul class=\"wp-block-list\">\n<li>Re\u017cyseria: Aldona Figura<\/li>\n<\/ul>\n\n\n\n<p>Uko\u0144czy\u0142a re\u017cyseri\u0119 w krakowskiej szkole teatralnej i anglistyk\u0119 na Uniwersytecie Warszawskim. Jej debiutem re\u017cyserskim by\u0142y Molierowskie Szelmostwa Skapena przygotowane w 2000 roku w Teatrze Jeleniog\u00f3rskim. Zrealizowa\u0142a polsk\u0105 prapremier\u0119 \u201eMonologi Waginy\u201d Eve Ensler (Teatr Wybrze\u017ce w Gda\u0144sku, 2002). Ostatnie jej inscenizacje to \u201eKruk z Tower\u201d Andrieja Iwanowa (Teatr Dramatyczny Warszawa), \u201eHistoria Jakuba\u201d (Teatr Ateneum.<\/p>\n\n\n\n<ul class=\"wp-block-list\">\n<li>Wykonanie: Micha\u0142 Piela<\/li>\n<\/ul>\n\n\n\n<p>W 2003 r. uko\u0144czy\u0142 Akademi\u0119 Teatraln\u0105 w Warszawie. Doskonale znany z r\u00f3l telewizyjnych. Sympati\u0119 widz\u00f3w zdoby\u0142 rol\u0105 aspiranta Mieczys\u0142awa Nocula w&nbsp;serialu \u201eOjciec Mateusz\u201d. Aktor wyst\u0119puje na deskach wielu warszawskich teatr\u00f3w, udziela si\u0119 r\u00f3wnie\u017c w dubbingu.<\/p>\n\n\n\n<ul class=\"wp-block-list\">\n<li>Muzyka: Mateusz Wachowiak<\/li>\n<\/ul>\n\n\n\n<p>Akordeonista, pianista, kompozytor i aran\u017cer. Absolwent Uniwersytetu Muzycznego Fryderyka Chopina w Warszawie na wydziale instrumentalnym w klasie akordeonu. Wsp\u00f3\u0142pracuje na sta\u0142e jako muzyk i kompozytor z&nbsp;wieloma zespo\u0142ami oraz warszawskimi teatrami, m.in. Dramatycznym, Powszechnym, Teatrem Kwadrat, Ateneum.<\/p>\n\n\n\n<ul class=\"wp-block-list\">\n<li>Karol Podkul<\/li>\n<\/ul>\n\n\n\n<p>Czynny muzyk, instrumentalista \u2013 akordeonista, pedagog. Studiowa\u0142 na Uniwersytecie Muzycznym im. F. Chopina w Warszawie. Wsp\u00f3\u0142pracuje z&nbsp;warszawskimi teatrami takimi jak: Teatr \u017bydowski, Teatr Polonia, Teatr Dramatyczny, Teatr Polski oraz Teatr Kwadrat. Laureat czo\u0142owych miejsc ok. 20 konkurs\u00f3w o randze og\u00f3lnopolskiej i mi\u0119dzynarodowej w kraju i za granic\u0105. Koncertowa\u0142 z Filharmoni\u0105 Warszawsk\u0105, wyst\u0119powa\u0142 w wielu krajach Europy i Azji. Bardzo osadzony w tzw. Word Music. Wykonuje tradycyjn\u0105 muzyk\u0119 polsk\u0105, ba\u0142ka\u0144sk\u0105, greck\u0105, romsk\u0105, francusk\u0105, bior\u0105c czynny udzia\u0142 w r\u00f3\u017cnych projektach muzycznych.<\/p>\n\n\n\n<p>Micha\u0142 Piela &#8211; \u201eNied\u017awied\u017a Wojtek\u201d | Spektakl z cyklu \u201eNa scenie\u2026Za scen\u0105\u2026\u201d<\/p>\n\n\n\n<p>24 KWI 2025 | 19:00 | Scena Sali Operowej CSK<\/p>\n\n\n\n<p>Bilety | Kasa CSK oraz <a href=\"https:\/\/bilety.csklublin.pl|\">bilety.csklublin.pl|<\/a> \/ normalny \u2013 70 z\u0142<\/p>\n","protected":false},"excerpt":{"rendered":"<p>Serdecznie zapraszamy na cykl monodramat\u00f3w \u201eNa Scenie\u2026za Scen\u0105\u2026\u201d, kt\u00f3re zaprezentujemy w wyj\u0105tkowym miejscu Centrum Spotkania Kultur. Spektakle odb\u0119d\u0105 si\u0119 w Sali Operowej CSK, ale publiczno\u015b\u0107 tym razem zasi\u0105dzie w specjalnie przygotowanych miejscach na deskach sceny. Przestrze\u0144 ta pozwoli na odpowiedni\u0105 doz\u0119 intymno\u015bci i bli\u017cszy kontakt z artyst\u0105, co bez w\u0105tpienia przyczyni si\u0119 do zupe\u0142nie innej [&hellip;]<\/p>\n","protected":false},"featured_media":0,"template":"","format":"standard","meta":{"_acf_changed":false,"inline_featured_image":false,"footnotes":""},"class_list":["post-22068","wydarzenia","type-wydarzenia","status-publish","format-standard","hentry"],"acf":[],"_links":{"self":[{"href":"https:\/\/csklublin.pl\/en\/wp-json\/wp\/v2\/wydarzenia\/22068","targetHints":{"allow":["GET"]}}],"collection":[{"href":"https:\/\/csklublin.pl\/en\/wp-json\/wp\/v2\/wydarzenia"}],"about":[{"href":"https:\/\/csklublin.pl\/en\/wp-json\/wp\/v2\/types\/wydarzenia"}],"version-history":[{"count":1,"href":"https:\/\/csklublin.pl\/en\/wp-json\/wp\/v2\/wydarzenia\/22068\/revisions"}],"predecessor-version":[{"id":22069,"href":"https:\/\/csklublin.pl\/en\/wp-json\/wp\/v2\/wydarzenia\/22068\/revisions\/22069"}],"wp:attachment":[{"href":"https:\/\/csklublin.pl\/en\/wp-json\/wp\/v2\/media?parent=22068"}],"curies":[{"name":"wp","href":"https:\/\/api.w.org\/{rel}","templated":true}]}}