{"id":27283,"date":"2025-10-17T12:33:37","date_gmt":"2025-10-17T10:33:37","guid":{"rendered":"https:\/\/csklublin.pl\/?post_type=wydarzenia&#038;p=27283"},"modified":"2025-11-17T13:40:11","modified_gmt":"2025-11-17T12:40:11","slug":"dorota-miskiewicz-michael-pipoquinha-jazzwcsk","status":"publish","type":"wydarzenia","link":"https:\/\/csklublin.pl\/en\/wydarzenia\/dorota-miskiewicz-michael-pipoquinha-jazzwcsk\/","title":{"rendered":"WYPRZEDANE | Dorota Mi\u015bkiewicz &amp; Michael Pipoquinha | #JAZZwCSK"},"content":{"rendered":"\n<p>Dorota, jedna z najbardziej cenionych polskich wokalistek, zapragn\u0119\u0142a w\u00f3wczas podzieli\u0107 si\u0119 z rodzim\u0105 publiczno\u015bci\u0105 muzyk\u0105, kt\u00f3r\u0105 nagra\u0142a w Rio de Janeiro. Album wsp\u00f3\u0142tworzyli brazylijscy instrumentali\u015bci, na czele z ikon\u0105 latin jazzu, Toninho Hort\u0105. Po entuzjastycznie przyj\u0119tej trasie koncertowej w Polsce we wrze\u015bniu 2023 roku, projekt ewoluuje w kameralny duet.<\/p>\n\n\n\n<p>Michael Pipoquinha \u2013 znakomity brazylijski basista, uznawany za jednego z najbardziej ekscytuj\u0105cych wirtuoz\u00f3w m\u0142odego pokolenia \u2013 by\u0142 kluczowym filarem p\u0142yty \u201eBons Amigos\u201d. Jego imponuj\u0105ca technika, zmys\u0142 improwizatorski i umiej\u0119tno\u015b\u0107 tworzenia z\u0142o\u017conych struktur harmonicznych wyr\u00f3\u017cniaj\u0105 go na \u015bwiatowej scenie.<\/p>\n\n\n\n<p>Dorota zaprosi\u0142a Michaela na seri\u0119 wsp\u00f3lnych koncert\u00f3w w nowej formule: bez dodatkowych instrument\u00f3w, ale i bez\u2026 kompromis\u00f3w! Tylko ona i on \u2013 g\u0142os i gitara basowa. Charyzma, groove i muzyczne porozumienie. Ten projekt to przestrze\u0144, wolno\u015b\u0107 i\u2026 czu\u0142o\u015b\u0107.<\/p>\n\n\n\n<p><strong>Dorota Mi\u015bkiewicz<\/strong><br>Jeden z najwa\u017cniejszych polskich g\u0142os\u00f3w jazzowych, kompozytorka, autorka tekst\u00f3w. Wyda\u0142a dziewi\u0119\u0107 autorskich p\u0142yt, cz\u0119sto nominowanych do Fryderyk\u00f3w, a ona sama w ostatnich latach zdobywa\u0142a tytu\u0142 Wokalistki Roku w rankingu magazynu \u201eJazz Forum\u201d.<\/p>\n\n\n\n<p>Dorota Mi\u015bkiewicz jest tak\u017ce wizjonerk\u0105 kreuj\u0105c\u0105 \u015bmia\u0142e, artystyczne pomys\u0142y. To z jej inicjatywy powsta\u0142 projekt PIANO.PL, podczas kt\u00f3rego po raz pierwszy w historii polskiej muzyki na jednej scenie, w kameralnych duetach z towarzyszeniem Atom String Quartet zaprezentowa\u0142o si\u0119 z ni\u0105 kilkunastu wybitnych polskich pianist\u00f3w trzech generacji. Otrzyma\u0142a za ni\u0105 nominacj\u0119 do Fryderyk\u00f3w oraz nagrody Koryfeusz Polskiej Muzyki.<\/p>\n\n\n\n<p>Dorota wierzy, \u017ce marzenia s\u0105 po to, aby je spe\u0142nia\u0107. Gdy zapragn\u0119\u0142a nagra\u0107 p\u0142yt\u0119 z ikon\u0105 latin jazzu, Toninho Hort\u0105, spakowa\u0142a walizki i wyruszy\u0142a do Brazylii. Tak powsta\u0142 album \u201eBons Amigos\u201d \u2014 dow\u00f3d na to, \u017ce muzyka nie zna granic, a kompromisy nie wchodz\u0105 w gr\u0119.<\/p>\n\n\n\n<p>Niezliczona jest liczba kolaboracji, w kt\u00f3rych bra\u0142a udzia\u0142 na zaproszenie innych artyst\u00f3w. Jako jedna z nielicznych \u015bpiewa\u0142a i nagrywa\u0142a w duecie z Cesari\u0105 Evor\u0105, ich wsp\u00f3lna piosenka \u201eUmPincelada\u201d spotka\u0142a si\u0119 ze znakomitym przyj\u0119ciem mi\u0142o\u015bnik\u00f3w muzyki na ca\u0142ym \u015bwiecie. Ponadto ma na swoim koncie wsp\u00f3\u0142prac\u0119 z Nigelem Kennedym, Stefano Bollanim, Davidem Murrayem, Louisem Winsbergiem, Kep\u0105 Junker\u0105, Toninho Hort\u0105, Tomaszem Sta\u0144ko i ca\u0142\u0105 plejad\u0105 artyst\u00f3w polskiej sceny muzycznej.<\/p>\n\n\n\n<p>Zakotwiczona w jazzie, ch\u0119tnie wyp\u0142ywa na szerokie wody innych estetyk muzycznych, nierzadko eksperymentalnych. Od lat mo\u017cna j\u0105 us\u0142ysze\u0107 na p\u0142ytach i koncertach Grzegorza Turnaua, do wsp\u00f3lnych projekt\u00f3w zapraszaj\u0105 j\u0105 tak\u017ce arty\u015bci sceny hip-hopowej (m.in. LUC), wsp\u00f3\u0142czesnej i awangardowej (Bartek W\u0105sik, Pawe\u0142 Szamburski, Kwadrofonik, Agata Zubel).<\/p>\n\n\n\n<p><strong>Michael Pipoquinha<\/strong><br>Brazylijski wirtuoz gitary basowej i jedna z najja\u015bniejszych gwiazd wsp\u00f3\u0142czesnej muzyki instrumentalnej. Urodzi\u0142 si\u0119 w 1996 roku w Limoeiro do Norte w stanie Cear\u00e1 w Brazylii. Ju\u017c jako dziecko wzbudza\u0142 podziw publiczno\u015bci, wyst\u0119puj\u0105c od 11 roku \u017cycia na najwa\u017cniejszych scenach muzycznych. <\/p>\n\n\n\n<p>Rozpoznawalno\u015b\u0107 zdoby\u0142 w wieku zaledwie 13 lat dzi\u0119ki nagraniom zamieszczanym w serwisie YouTube oraz wyst\u0119pom w programach telewizyjnych, kt\u00f3re zachwyci\u0142y miliony widz\u00f3w. Jego wyj\u0105tkowy styl \u0142\u0105czy brazylijskie korzenie, jazzowe inspiracje oraz niezwyk\u0142\u0105 technik\u0119 gry, w kt\u00f3rej harmonie zaczerpni\u0119te z gitarowego \u015bwiata spotykaj\u0105 si\u0119 z nowoczesnym brzmieniem basu.<\/p>\n\n\n\n<p>Pipoquinha rozwija\u0142 swoje muzyczne umiej\u0119tno\u015bci dzi\u0119ki rodzinnym inspiracjom \u2013 jego ojciec i dziadek byli muzykami \u2013 oraz w\u0142asnej fascynacji takimi ikonami muzyki jak Jaco Pastorius, Arthur Maia, Baden Powell, Luiz\u00e3o Maia czy Victor Wooten.<\/p>\n\n\n\n<p>Gra Michaela to oryginalne po\u0142\u0105czenie melodyjno\u015bci, imponuj\u0105cego groove\u2019u oraz innowacyjnych technik, co sprawia, \u017ce Pipoquinha jest coraz cz\u0119\u015bciej wymieniany obok najwi\u0119kszych legend basu.<\/p>\n\n\n\n<p>Wsp\u00f3\u0142pracowa\u0142 z takimi gwiazdami jak Djavan, Gilberto Gil, Hamilton de Holanda i Elba Ramalho. Koncertuje w Europie, Ameryce Po\u0142udniowej, Azji i Stanach Zjednoczonych. Prowadzi te\u017c warsztaty, podczas kt\u00f3rych dzieli si\u0119 swoim rozumieniem muzyki, opartym na szczero\u015bci i osobistym przekazie.<\/p>\n\n\n\n<p>Pipoquinha nieustannie poszukuje nowych \u015bcie\u017cek artystycznych, \u0142\u0105cz\u0105c tradycj\u0119 brazylijsk\u0105 z nowoczesnym brzmieniem jazzu i muzyki \u015bwiata. Jego najwi\u0119ksz\u0105 pasj\u0105 jest dzielenie si\u0119 muzyk\u0105 z publiczno\u015bci\u0105 &#8211; wierzy on jej moc uzdrawiania i inspirowania ludzi na ca\u0142ym \u015bwiecie.<\/p>\n\n\n\n<p><em>\u201eGitara basowa to bardzo m\u0142ody instrument. Przez lata mieli\u015bmy wielu pionier\u00f3w \u2013 ludzi, kt\u00f3rzy pomagali temu instrumentowi dojrzewa\u0107. Byli tacy jak James Jamerson, potem Larry Graham, Carol Kaye. P\u00f3\u017aniej pojawi\u0142 si\u0119 Stanley Clarke, kt\u00f3ry doda\u0142 ognia. Mieli\u015bmy te\u017c Jaco Pastoriusa, kt\u00f3ry zmieni\u0142 zasady gry. Ja te\u017c do\u0142o\u017cy\u0142em swoj\u0105 cegie\u0142k\u0119. Ale dzi\u015b, w styczniu 2024 roku, bas to Michael Pipoquinha\u201d. &#8211;<\/em> Victor Wooten<\/p>\n\n\n\n<p><strong>Dorota Mi\u015bkiewicz &amp; Michael Pipoquinha | #JAZZwCSK<\/strong><br>4 GRU 2025 r. | Godz.: 19.00-21.00<br>Klub Muzyczny CSK<br>Bilety |69\/89 z\u0142|: Kasa CSK oraz <a href=\"https:\/\/bilety.csklublin.pl\/\" target=\"_blank\" rel=\"noreferrer noopener\">bilety.csklublin.pl<\/a><\/p>\n","protected":false},"excerpt":{"rendered":"<p>Dorota, jedna z najbardziej cenionych polskich wokalistek, zapragn\u0119\u0142a w\u00f3wczas podzieli\u0107 si\u0119 z rodzim\u0105 publiczno\u015bci\u0105 muzyk\u0105, kt\u00f3r\u0105 nagra\u0142a w Rio de Janeiro. Album wsp\u00f3\u0142tworzyli brazylijscy instrumentali\u015bci, na czele z ikon\u0105 latin jazzu, Toninho Hort\u0105. Po entuzjastycznie przyj\u0119tej trasie koncertowej w Polsce we wrze\u015bniu 2023 roku, projekt ewoluuje w kameralny duet. Michael Pipoquinha \u2013 znakomity brazylijski basista, [&hellip;]<\/p>\n","protected":false},"featured_media":27298,"template":"","format":"standard","meta":{"_acf_changed":false,"inline_featured_image":false,"footnotes":""},"class_list":["post-27283","wydarzenia","type-wydarzenia","status-publish","format-standard","has-post-thumbnail","hentry"],"acf":[],"_links":{"self":[{"href":"https:\/\/csklublin.pl\/en\/wp-json\/wp\/v2\/wydarzenia\/27283","targetHints":{"allow":["GET"]}}],"collection":[{"href":"https:\/\/csklublin.pl\/en\/wp-json\/wp\/v2\/wydarzenia"}],"about":[{"href":"https:\/\/csklublin.pl\/en\/wp-json\/wp\/v2\/types\/wydarzenia"}],"version-history":[{"count":19,"href":"https:\/\/csklublin.pl\/en\/wp-json\/wp\/v2\/wydarzenia\/27283\/revisions"}],"predecessor-version":[{"id":27964,"href":"https:\/\/csklublin.pl\/en\/wp-json\/wp\/v2\/wydarzenia\/27283\/revisions\/27964"}],"wp:featuredmedia":[{"embeddable":true,"href":"https:\/\/csklublin.pl\/en\/wp-json\/wp\/v2\/media\/27298"}],"wp:attachment":[{"href":"https:\/\/csklublin.pl\/en\/wp-json\/wp\/v2\/media?parent=27283"}],"curies":[{"name":"wp","href":"https:\/\/api.w.org\/{rel}","templated":true}]}}