{"id":46735,"date":"2026-09-03T14:23:08","date_gmt":"2026-09-03T12:23:08","guid":{"rendered":"https:\/\/csklublin.pl\/?post_type=wydarzenia&#038;p=46735"},"modified":"2026-09-03T14:23:17","modified_gmt":"2026-09-03T12:23:17","slug":"finisaz-wystawy-piekno-dobro-fake-wspolczesna-kalokagatia-rzezba-michala-jackowskiego","status":"publish","type":"wydarzenia","link":"https:\/\/csklublin.pl\/en\/wydarzenia\/finisaz-wystawy-piekno-dobro-fake-wspolczesna-kalokagatia-rzezba-michala-jackowskiego\/","title":{"rendered":"Finisa\u017c wystawy \u201ePi\u0119kno, dobro\u2026 fake? Wsp\u00f3\u0142czesna kalokagatia \u2013 rze\u017aba Micha\u0142a Jackowskiego\u201d"},"content":{"rendered":"\n<p class=\"wp-block-paragraph\">14:00 | Hol G\u0142\u00f3wny \u2013 oprowadzanie autorskie | wydarzenie biletowane | liczba miejsc ograniczona<\/p>\n\n\n\n<p class=\"wp-block-paragraph\">Oprowadzanie autorskie b\u0119dzie ostatni\u0105 okazj\u0105 do zwiedzenia wystawy, poznania perspektywy jej tw\u00f3rcy oraz przyjrzenia si\u0119 z bliska rze\u017abom, kt\u00f3re mo\u017cna potraktowa\u0107 jako punkt wyj\u015bcia do rozmowy o warto\u015bciach i wsp\u00f3\u0142czesnym \u015bwiecie.<\/p>\n\n\n\n<p class=\"wp-block-paragraph\">15:45 | Sala Kinowa \u2013 panel dyskusyjny pt. \u201ePi\u0119kno, kt\u00f3re pyta | Sztuka, wolno\u015b\u0107, sens\u201d<\/p>\n\n\n\n<p class=\"wp-block-paragraph\">Panel z udzia\u0142em artysty i zaproszonych go\u015bci: Lilii Suchockiej, Piotra Macha\u0142y, Wac\u0142awa Oszajcy, Nikodema Lewandowskiego<br>Panel przybierze form\u0119 moderowanej rozmowy o sztuce, wolno\u015bci i sensie, inspirowanej zar\u00f3wno pracami prezentowanymi na wystawie \u201ePi\u0119kno dobro\u2026fake? Wsp\u00f3\u0142czesna kalokagatia \u2013 rze\u017aba Micha\u0142a Jackowskiego\u201d, jak i tekstem Piotra Macha\u0142y \u201ePi\u0119kno, kt\u00f3re pyta o cz\u0142owieka. O sztuce, sposobie bycia i sensie\u201d.<\/p>\n\n\n\n<p class=\"wp-block-paragraph\">Podczas panelu niezmiennym korpusem rozmowy pozostanie tak\u017ce zagadnienie logoterapii, u kt\u00f3rej podstaw le\u017cy przekonanie, \u017ce cz\u0142owiek jest istot\u0105, kt\u00f3ra nie tylko d\u0105\u017cy do przyjemno\u015bci, sukcesu czy redukcji napi\u0119cia, ale przede wszystkim poszukuje sensu swojego \u017cycia i w\u0142asnego istnienia. Viktor E. Frankl (wiede\u0144ski psychiatra, neurolog i psychoterapeuta, tw\u00f3rca logoterapii) okre\u015bla\u0142 t\u0119 podstawow\u0105 ludzk\u0105 motywacj\u0119 jako \u201ewol\u0119 sensu\u201d.<\/p>\n\n\n\n<p class=\"wp-block-paragraph\">Podczas spotkania, zadamy wi\u0119c wielce znacz\u0105ce pytania m.in.:<\/p>\n\n\n\n<ul class=\"wp-block-list\">\n<li>Czy sens jest w dziele, w odbiorcy, czy wydarza si\u0119 pomi\u0119dzy nimi?<\/li>\n\n\n\n<li>Czy sztuka mo\u017ce uczyni\u0107 cz\u0142owieka lepszym?<\/li>\n\n\n\n<li>Czy granica moralna istnieje w nas, czy potrzebujemy kogo\u015b, kto j\u0105 postawi?<\/li>\n<\/ul>\n\n\n\n<p class=\"wp-block-paragraph\">I najwa\u017cniejsze pytanie z punktu widzenia logoterapii &#8211; Czego cz\u0142owiek potrzebuje, aby jego \u017cycie mia\u0142o dla niego sens?\u201d<\/p>\n\n\n\n<p class=\"wp-block-paragraph\">Kuratorka wystawy: Dorota Seweryn-Puchalska<\/p>\n\n\n\n<p class=\"wp-block-paragraph\"><strong>Finisa\u017c wystawy \u201ePi\u0119kno, dobro\u2026 fake? Wsp\u00f3\u0142czesna kalokagatia \u2013 rze\u017aba Micha\u0142a Jackowskiego\u201d<\/strong><br>13 WRZ 2026 rok<br>14:00 \u2013 oprowadzanie autorskie<br>15:45 \u2013 panel dyskusyjny | Sala Kinowa<\/p>\n\n\n\n<p class=\"wp-block-paragraph\">Bilet normalny \u2013 15 z\u0142 \u2013 Bilet ulgowy \u2013 10 z\u0142 \u2013 oprowadzanie autorskie<br>Wst\u0119p bezp\u0142atny &#8211; panel<\/p>\n","protected":false},"excerpt":{"rendered":"<p>14:00 | Hol G\u0142\u00f3wny \u2013 oprowadzanie autorskie | wydarzenie biletowane | liczba miejsc ograniczona Oprowadzanie autorskie b\u0119dzie ostatni\u0105 okazj\u0105 do zwiedzenia wystawy, poznania perspektywy jej tw\u00f3rcy oraz przyjrzenia si\u0119 z bliska rze\u017abom, kt\u00f3re mo\u017cna potraktowa\u0107 jako punkt wyj\u015bcia do rozmowy o warto\u015bciach i wsp\u00f3\u0142czesnym \u015bwiecie. 15:45 | Sala Kinowa \u2013 panel dyskusyjny pt. \u201ePi\u0119kno, kt\u00f3re [&hellip;]<\/p>\n","protected":false},"featured_media":46736,"template":"","format":"standard","meta":{"_acf_changed":false,"inline_featured_image":false,"footnotes":""},"class_list":["post-46735","wydarzenia","type-wydarzenia","status-publish","format-standard","has-post-thumbnail","hentry"],"acf":[],"_links":{"self":[{"href":"https:\/\/csklublin.pl\/en\/wp-json\/wp\/v2\/wydarzenia\/46735","targetHints":{"allow":["GET"]}}],"collection":[{"href":"https:\/\/csklublin.pl\/en\/wp-json\/wp\/v2\/wydarzenia"}],"about":[{"href":"https:\/\/csklublin.pl\/en\/wp-json\/wp\/v2\/types\/wydarzenia"}],"version-history":[{"count":2,"href":"https:\/\/csklublin.pl\/en\/wp-json\/wp\/v2\/wydarzenia\/46735\/revisions"}],"predecessor-version":[{"id":46738,"href":"https:\/\/csklublin.pl\/en\/wp-json\/wp\/v2\/wydarzenia\/46735\/revisions\/46738"}],"wp:featuredmedia":[{"embeddable":true,"href":"https:\/\/csklublin.pl\/en\/wp-json\/wp\/v2\/media\/46736"}],"wp:attachment":[{"href":"https:\/\/csklublin.pl\/en\/wp-json\/wp\/v2\/media?parent=46735"}],"curies":[{"name":"wp","href":"https:\/\/api.w.org\/{rel}","templated":true}]}}